{"id":896,"date":"2017-11-13T13:45:32","date_gmt":"2017-11-13T11:45:32","guid":{"rendered":"http:\/\/kirjalitta.fi\/?page_id=896"},"modified":"2025-09-23T10:45:33","modified_gmt":"2025-09-23T07:45:33","slug":"ohjelma","status":"publish","type":"page","link":"https:\/\/kirjalitta.fi\/kirjalitta\/ohjelma\/","title":{"rendered":"Ohjelma"},"content":{"rendered":"<p style=\"text-align: center;\">Kirjalitta-festivaali j\u00e4rjestet\u00e4\u00e4n Tampereella 10.-16.11.2025.<\/p>\n<p style=\"text-align: center;\"><a href=\"https:\/\/kirjalitta.fi\/kirjalitta\/viikon-ohjelma-2025\/\"><strong>Kirjalitta 2025: S\u00e4nt\u00e4\u00e4 seikkailuun<\/strong><\/a><\/p>\n<p style=\"text-align: center;\">Kirjalitan aiempien vuosien ohjelma:<\/p>\n<p style=\"text-align: center;\"><a href=\"https:\/\/kirjalitta.fi\/kirjalitta\/kirjalitta-2024\/\">Kirjalitta 2024: Juhlat<\/a><\/p>\n<p style=\"text-align: center;\"><a href=\"https:\/\/kirjalitta.fi\/kirjalitta\/ohjelma\/kirjalitta-2023-leikki\/viikon-ohjelma-2023\/\">Kirjalitta 2023: Leikki<\/a><\/p>\n<p style=\"text-align: center;\"><a href=\"https:\/\/kirjalitta.fi\/kirjalitta\/viikon-ohjelma-2022\/\">Kirjalitta 2022: Maailma kyn\u00e4ss\u00e4<\/a><\/p>\n<p style=\"text-align: center;\"><a href=\"https:\/\/kirjalitta.fi\/ohjelma2021\/\">Kirjalitta 2021: Kummia juttuja<\/a><\/p>\n<p style=\"text-align: center;\"><a href=\"https:\/\/kirjalitta.fi\/kirjalitta-2020-taikavoimaa-tarinoista\/\">Kirjalitta 2020: Taikavoimaa tarinoista\u00a0<\/a><\/p>\n<p style=\"text-align: center;\"><a href=\"https:\/\/kirjalitta.fi\/kirjalitta\/kirjalitta-2019-kirjalitta-liikuttaa\/\">Kirjalitta liikuttaa! 2019<\/a><\/p>\n<p style=\"text-align: center;\"><a href=\"https:\/\/kirjalitta.fi\/kirjalitta\/kiertue\/\">Kirjalitta kiertueella 2018-2019<\/a><\/p>\n<p style=\"text-align: center;\"><a href=\"https:\/\/kirjalitta.fi\/kirjalitta\/kirjalitta-2018\/\">Kirjalitta 2018: Lue luontoa!<\/a><\/p>\n<p style=\"text-align: center;\"><a href=\"https:\/\/kirjalitta.fi\/kirjalitta\/ohjelma-2017\/\">Kirjalitta 2017: Eritt\u00e4in Salainen<\/a><\/p>\n<p style=\"text-align: center;\"><a href=\"https:\/\/kirjalitta.fi\/kirjalitta\/ohjelma-2016\/\">Kirjalitta 2016: Y\u00f6kyl\u00e4ss\u00e4<\/a><\/p>\n<p style=\"text-align: center;\"><a href=\"https:\/\/kirjalitta.fi\/kirjalitta\/kirjalitta-2015\/\">Kirjalitta 2015<\/a><\/p>\n<p style=\"text-align: center;\">Kuinka Kirjalitta sai alkunsa? Lue: <a href=\"https:\/\/kirjalitta.fi\/kirjalitta\/2015\/09\/15\/moikka-maailma\/\" target=\"_blank\" rel=\"noopener noreferrer\">Mik\u00e4 ihmeen Kirjalitta?<\/a><\/p>\n","protected":false},"excerpt":{"rendered":"<p>Kirjalitta-festivaali j\u00e4rjestet\u00e4\u00e4n Tampereella 10.-16.11.2025. Kirjalitta 2025: S\u00e4nt\u00e4\u00e4 seikkailuun Kirjalitan aiempien vuosien ohjelma: Kirjalitta 2024: Juhlat Kirjalitta 2023: Leikki Kirjalitta 2022: Maailma kyn\u00e4ss\u00e4 Kirjalitta 2021: Kummia juttuja Kirjalitta 2020: Taikavoimaa tarinoista\u00a0 Kirjalitta liikuttaa! 2019 Kirjalitta kiertueella 2018-2019 Kirjalitta 2018: Lue luontoa! Kirjalitta 2017: Eritt\u00e4in Salainen Kirjalitta 2016: Y\u00f6kyl\u00e4ss\u00e4 Kirjalitta 2015 Kuinka [&hellip;]<\/p>\n","protected":false},"author":3,"featured_media":3532,"parent":0,"menu_order":0,"comment_status":"closed","ping_status":"closed","template":"","meta":{"_themeisle_gutenberg_block_has_review":false,"footnotes":""},"class_list":["post-896","page","type-page","status-publish","has-post-thumbnail","hentry"],"_links":{"self":[{"href":"https:\/\/kirjalitta.fi\/kirjalitta\/wp-json\/wp\/v2\/pages\/896","targetHints":{"allow":["GET"]}}],"collection":[{"href":"https:\/\/kirjalitta.fi\/kirjalitta\/wp-json\/wp\/v2\/pages"}],"about":[{"href":"https:\/\/kirjalitta.fi\/kirjalitta\/wp-json\/wp\/v2\/types\/page"}],"author":[{"embeddable":true,"href":"https:\/\/kirjalitta.fi\/kirjalitta\/wp-json\/wp\/v2\/users\/3"}],"replies":[{"embeddable":true,"href":"https:\/\/kirjalitta.fi\/kirjalitta\/wp-json\/wp\/v2\/comments?post=896"}],"version-history":[{"count":23,"href":"https:\/\/kirjalitta.fi\/kirjalitta\/wp-json\/wp\/v2\/pages\/896\/revisions"}],"predecessor-version":[{"id":3732,"href":"https:\/\/kirjalitta.fi\/kirjalitta\/wp-json\/wp\/v2\/pages\/896\/revisions\/3732"}],"wp:featuredmedia":[{"embeddable":true,"href":"https:\/\/kirjalitta.fi\/kirjalitta\/wp-json\/wp\/v2\/media\/3532"}],"wp:attachment":[{"href":"https:\/\/kirjalitta.fi\/kirjalitta\/wp-json\/wp\/v2\/media?parent=896"}],"curies":[{"name":"wp","href":"https:\/\/api.w.org\/{rel}","templated":true}]}}