{"id":4,"date":"2015-09-15T12:16:02","date_gmt":"2015-09-15T09:16:02","guid":{"rendered":"http:\/\/kirjalitta.fi\/kirjalitta\/?page_id=4"},"modified":"2025-08-14T11:41:41","modified_gmt":"2025-08-14T08:41:41","slug":"yhteystiedot","status":"publish","type":"page","link":"https:\/\/kirjalitta.fi\/kirjalitta\/yhteystiedot\/","title":{"rendered":"Yhteystiedot"},"content":{"rendered":"\n<div class=\"wp-block-media-text is-stacked-on-mobile is-vertically-aligned-center\" style=\"grid-template-columns:30% auto\"><figure class=\"wp-block-media-text__media\"><img loading=\"lazy\" decoding=\"async\" width=\"374\" height=\"155\" src=\"https:\/\/kirjalitta.fi\/kirjalitta\/wp-content\/uploads\/2015\/09\/yostaja-logo.png\" alt=\"\" class=\"wp-image-43 size-full\" srcset=\"https:\/\/kirjalitta.fi\/kirjalitta\/wp-content\/uploads\/2015\/09\/yostaja-logo.png 374w, https:\/\/kirjalitta.fi\/kirjalitta\/wp-content\/uploads\/2015\/09\/yostaja-logo-300x124.png 300w\" sizes=\"auto, (max-width: 374px) 100vw, 374px\" \/><\/figure><div class=\"wp-block-media-text__content\">\n<h2 class=\"wp-block-heading\">Sanataideyhdistys Y\u00f6st\u00e4j\u00e4 ry.<\/h2>\n\n\n\n<p class=\"has-text-align-left\">Minttu Tervaharju, tapahtumatuottaja<br>kirjalitta(a)yostaja.fi<\/p>\n\n\n\n<p><\/p>\n<\/div><\/div>\n\n\n\n<div class=\"wp-block-media-text is-stacked-on-mobile is-vertically-aligned-center\" style=\"grid-template-columns:30% auto\"><figure class=\"wp-block-media-text__media\"><img loading=\"lazy\" decoding=\"async\" width=\"282\" height=\"282\" src=\"https:\/\/kirjalitta.fi\/kirjalitta\/wp-content\/uploads\/2023\/10\/LKI-logo.jpeg\" alt=\"\" class=\"wp-image-3371 size-full\" srcset=\"https:\/\/kirjalitta.fi\/kirjalitta\/wp-content\/uploads\/2023\/10\/LKI-logo.jpeg 282w, https:\/\/kirjalitta.fi\/kirjalitta\/wp-content\/uploads\/2023\/10\/LKI-logo-150x150.jpeg 150w\" sizes=\"auto, (max-width: 282px) 100vw, 282px\" \/><\/figure><div class=\"wp-block-media-text__content\">\n<h2 class=\"wp-block-heading\">Lastenkirjainstituutti<\/h2>\n\n\n\n<p>Kaisa Laaksonen, toiminnanjohtaja<br>kaisa.laaksonen(a)lastenkirjainstituutti.fi<\/p>\n<\/div><\/div>\n\n\n\n<div class=\"wp-block-group\"><div class=\"wp-block-group__inner-container is-layout-constrained wp-block-group-is-layout-constrained\">\n<div class=\"wp-block-group\"><div class=\"wp-block-group__inner-container is-layout-constrained wp-block-group-is-layout-constrained\">\n<div style=\"text-align: center; float: middle;\">\n<p><a href=\"https:\/\/instagram.com\/kirjalitta\/\" target=\"_blank\" rel=\"noopener noreferrer\"><img loading=\"lazy\" decoding=\"async\" class=\"alignnone wp-image-69\" src=\"https:\/\/kirjalitta.fi\/kirjalitta\/kirjalitta\/wp-content\/uploads\/2015\/09\/instagram_by_katefosson-d61xcjt-150x150.png\" alt=\"instagram_by_katefosson-d61xcjt\" width=\"86\" height=\"86\" srcset=\"https:\/\/kirjalitta.fi\/kirjalitta\/wp-content\/uploads\/2015\/09\/instagram_by_katefosson-d61xcjt-150x150.png 150w, https:\/\/kirjalitta.fi\/kirjalitta\/wp-content\/uploads\/2015\/09\/instagram_by_katefosson-d61xcjt.png 180w\" sizes=\"auto, (max-width: 86px) 100vw, 86px\" \/><\/a>\u00a0\u00a0\u00a0 <a href=\"https:\/\/www.facebook.com\/kirjalitta\" target=\"_blank\" rel=\"noopener noreferrer\"><img loading=\"lazy\" decoding=\"async\" class=\"alignnone wp-image-71\" src=\"https:\/\/kirjalitta.fi\/kirjalitta\/kirjalitta\/wp-content\/uploads\/2015\/09\/facebook-150x150.png\" alt=\"facebook\" width=\"86\" height=\"86\" srcset=\"https:\/\/kirjalitta.fi\/kirjalitta\/wp-content\/uploads\/2015\/09\/facebook-150x150.png 150w, https:\/\/kirjalitta.fi\/kirjalitta\/wp-content\/uploads\/2015\/09\/facebook.png 180w\" sizes=\"auto, (max-width: 86px) 100vw, 86px\" \/><\/a><\/p>\n<\/div>\n<\/div><\/div>\n\n\n<div class=\"wp-block-image\">\n<figure class=\"aligncenter size-full is-resized\"><a href=\"https:\/\/kirjalitta.fi\/kirjalitta\/wp-content\/uploads\/2024\/09\/Vaakuna_Tampere.png\"><img loading=\"lazy\" decoding=\"async\" width=\"678\" height=\"173\" src=\"https:\/\/kirjalitta.fi\/kirjalitta\/wp-content\/uploads\/2024\/09\/Vaakuna_Tampere.png\" alt=\"\" class=\"wp-image-3561\" style=\"aspect-ratio:3.9190751445086707;width:268px;height:auto\" srcset=\"https:\/\/kirjalitta.fi\/kirjalitta\/wp-content\/uploads\/2024\/09\/Vaakuna_Tampere.png 678w, https:\/\/kirjalitta.fi\/kirjalitta\/wp-content\/uploads\/2024\/09\/Vaakuna_Tampere-300x77.png 300w\" sizes=\"auto, (max-width: 678px) 100vw, 678px\" \/><\/a><\/figure><\/div>\n\n<div class=\"wp-block-image\">\n<figure class=\"aligncenter size-large is-resized\"><a href=\"https:\/\/kirjalitta.fi\/kirjalitta\/wp-content\/uploads\/2024\/09\/tampere.finland_rgb.png\"><img loading=\"lazy\" decoding=\"async\" width=\"1024\" height=\"394\" src=\"https:\/\/kirjalitta.fi\/kirjalitta\/wp-content\/uploads\/2024\/09\/tampere.finland_rgb-1024x394.png\" alt=\"\" class=\"wp-image-3562\" style=\"aspect-ratio:2.598984771573604;width:334px;height:auto\" srcset=\"https:\/\/kirjalitta.fi\/kirjalitta\/wp-content\/uploads\/2024\/09\/tampere.finland_rgb-1024x394.png 1024w, https:\/\/kirjalitta.fi\/kirjalitta\/wp-content\/uploads\/2024\/09\/tampere.finland_rgb-300x115.png 300w, https:\/\/kirjalitta.fi\/kirjalitta\/wp-content\/uploads\/2024\/09\/tampere.finland_rgb-768x295.png 768w, https:\/\/kirjalitta.fi\/kirjalitta\/wp-content\/uploads\/2024\/09\/tampere.finland_rgb-1536x591.png 1536w, https:\/\/kirjalitta.fi\/kirjalitta\/wp-content\/uploads\/2024\/09\/tampere.finland_rgb-2048x788.png 2048w\" sizes=\"auto, (max-width: 1024px) 100vw, 1024px\" \/><\/a><\/figure><\/div>\n\n<div class=\"wp-block-image\">\n<figure class=\"aligncenter size-large is-resized\"><a href=\"https:\/\/kirjalitta.fi\/kirjalitta\/wp-content\/uploads\/2023\/10\/suomen-tietokirjailijat-logo-rgb.jpg\"><img loading=\"lazy\" decoding=\"async\" width=\"1024\" height=\"252\" src=\"https:\/\/kirjalitta.fi\/kirjalitta\/wp-content\/uploads\/2023\/10\/suomen-tietokirjailijat-logo-rgb-1024x252.jpg\" alt=\"Suomen tietokirjailijat ry\" class=\"wp-image-3353\" style=\"width:289px;height:auto\" srcset=\"https:\/\/kirjalitta.fi\/kirjalitta\/wp-content\/uploads\/2023\/10\/suomen-tietokirjailijat-logo-rgb-1024x252.jpg 1024w, https:\/\/kirjalitta.fi\/kirjalitta\/wp-content\/uploads\/2023\/10\/suomen-tietokirjailijat-logo-rgb-300x74.jpg 300w, https:\/\/kirjalitta.fi\/kirjalitta\/wp-content\/uploads\/2023\/10\/suomen-tietokirjailijat-logo-rgb-768x189.jpg 768w, https:\/\/kirjalitta.fi\/kirjalitta\/wp-content\/uploads\/2023\/10\/suomen-tietokirjailijat-logo-rgb-1536x378.jpg 1536w, https:\/\/kirjalitta.fi\/kirjalitta\/wp-content\/uploads\/2023\/10\/suomen-tietokirjailijat-logo-rgb.jpg 1856w\" sizes=\"auto, (max-width: 1024px) 100vw, 1024px\" \/><\/a><\/figure><\/div>\n\n<div class=\"wp-block-image\">\n<figure class=\"aligncenter size-full is-resized\"><a href=\"https:\/\/kirjalitta.fi\/kirjalitta\/wp-content\/uploads\/2023\/10\/\ufeffSuomen-lasten-ja-nuortenkirjailijat-ry\ufeff\ufeff-edited-1.jpeg\"><img loading=\"lazy\" decoding=\"async\" width=\"677\" height=\"677\" src=\"https:\/\/kirjalitta.fi\/kirjalitta\/wp-content\/uploads\/2023\/10\/\ufeffSuomen-lasten-ja-nuortenkirjailijat-ry\ufeff\ufeff-edited-1.jpeg\" alt=\"\" class=\"wp-image-3358\" style=\"width:197px;height:auto\" srcset=\"https:\/\/kirjalitta.fi\/kirjalitta\/wp-content\/uploads\/2023\/10\/\ufeffSuomen-lasten-ja-nuortenkirjailijat-ry\ufeff\ufeff-edited-1.jpeg 677w, https:\/\/kirjalitta.fi\/kirjalitta\/wp-content\/uploads\/2023\/10\/\ufeffSuomen-lasten-ja-nuortenkirjailijat-ry\ufeff\ufeff-edited-1-300x300.jpeg 300w, https:\/\/kirjalitta.fi\/kirjalitta\/wp-content\/uploads\/2023\/10\/\ufeffSuomen-lasten-ja-nuortenkirjailijat-ry\ufeff\ufeff-edited-1-150x150.jpeg 150w\" sizes=\"auto, (max-width: 677px) 100vw, 677px\" \/><\/a><figcaption class=\"wp-element-caption\">Suomen lasten- ja nuortenkirjailijat ry<\/figcaption><\/figure><\/div>\n\n<div class=\"wp-block-image\">\n<figure class=\"aligncenter size-full is-resized\"><a href=\"https:\/\/kirjalitta.fi\/kirjalitta\/wp-content\/uploads\/2023\/10\/Pirkkalaiskirjailijat.png\"><img loading=\"lazy\" decoding=\"async\" width=\"500\" height=\"500\" src=\"https:\/\/kirjalitta.fi\/kirjalitta\/wp-content\/uploads\/2023\/10\/Pirkkalaiskirjailijat.png\" alt=\"Pirkkalaiskirjailijat\" class=\"wp-image-3349\" style=\"width:161px;height:auto\" srcset=\"https:\/\/kirjalitta.fi\/kirjalitta\/wp-content\/uploads\/2023\/10\/Pirkkalaiskirjailijat.png 500w, https:\/\/kirjalitta.fi\/kirjalitta\/wp-content\/uploads\/2023\/10\/Pirkkalaiskirjailijat-300x300.png 300w, https:\/\/kirjalitta.fi\/kirjalitta\/wp-content\/uploads\/2023\/10\/Pirkkalaiskirjailijat-150x150.png 150w\" sizes=\"auto, (max-width: 500px) 100vw, 500px\" \/><\/a><\/figure><\/div><\/div><\/div>\n\n\n<\/p>\n<p>\n\n\n\n<p><!-- \/wp:image --><\/p>\n<p><!-- wp:image --><\/p>\n<figure class=\"wp-block-image\"><\/figure>\n<p><!-- \/wp:image --><\/p>\n<p><!--more--><\/p>\n<p><!-- \/wp:freeform --><\/p>\n<p><!-- \/wp:group --><\/p>\n<p><!-- \/wp:group --><\/p>\n<p><!-- wp:separator {\"align\":\"full\",\"className\":\"is-style-wide\"} --><\/p>\n<p class=\"has-text-align-center\">Mukana my\u00f6s: <strong>Lastenkulttuurikeskus Rulla, p\u00e4\u00e4kirjasto Metso,<\/strong><\/p>\n<p class=\"has-text-align-center\">\u00a0<strong>Tampereen seudun ty\u00f6v\u00e4enopiston lasten ja nuorten sanataidekoulu<\/strong><\/p>\n<hr class=\"wp-block-separator alignfull has-alpha-channel-opacity is-style-wide\" \/>\n<p><!-- \/wp:separator --><\/p>\n<p><!-- wp:paragraph {\"align\":\"center\"} --><\/p>\n<p><!-- \/wp:paragraph --><\/p>\n<p><!-- wp:paragraph --><\/p>\n<p><!-- \/wp:paragraph --><\/p>\n<p><!-- wp:paragraph --><\/p>\n<p><!-- \/wp:paragraph --><\/p>","protected":false},"excerpt":{"rendered":"<p>Sanataideyhdistys Y\u00f6st\u00e4j\u00e4 ry. Minttu Tervaharju, tapahtumatuottajakirjalitta(a)yostaja.fi Lastenkirjainstituutti Kaisa Laaksonen, toiminnanjohtajakaisa.laaksonen(a)lastenkirjainstituutti.fi \u00a0\u00a0\u00a0<\/p>\n","protected":false},"author":1,"featured_media":0,"parent":0,"menu_order":0,"comment_status":"closed","ping_status":"closed","template":"","meta":{"_themeisle_gutenberg_block_has_review":false,"footnotes":""},"class_list":["post-4","page","type-page","status-publish","hentry"],"_links":{"self":[{"href":"https:\/\/kirjalitta.fi\/kirjalitta\/wp-json\/wp\/v2\/pages\/4","targetHints":{"allow":["GET"]}}],"collection":[{"href":"https:\/\/kirjalitta.fi\/kirjalitta\/wp-json\/wp\/v2\/pages"}],"about":[{"href":"https:\/\/kirjalitta.fi\/kirjalitta\/wp-json\/wp\/v2\/types\/page"}],"author":[{"embeddable":true,"href":"https:\/\/kirjalitta.fi\/kirjalitta\/wp-json\/wp\/v2\/users\/1"}],"replies":[{"embeddable":true,"href":"https:\/\/kirjalitta.fi\/kirjalitta\/wp-json\/wp\/v2\/comments?post=4"}],"version-history":[{"count":140,"href":"https:\/\/kirjalitta.fi\/kirjalitta\/wp-json\/wp\/v2\/pages\/4\/revisions"}],"predecessor-version":[{"id":3637,"href":"https:\/\/kirjalitta.fi\/kirjalitta\/wp-json\/wp\/v2\/pages\/4\/revisions\/3637"}],"wp:attachment":[{"href":"https:\/\/kirjalitta.fi\/kirjalitta\/wp-json\/wp\/v2\/media?parent=4"}],"curies":[{"name":"wp","href":"https:\/\/api.w.org\/{rel}","templated":true}]}}