{"id":3568,"date":"2024-09-30T13:58:37","date_gmt":"2024-09-30T10:58:37","guid":{"rendered":"https:\/\/kirjalitta.fi\/kirjalitta\/?page_id=3568"},"modified":"2024-10-02T10:24:23","modified_gmt":"2024-10-02T07:24:23","slug":"viikon-ohjelma-2024","status":"publish","type":"page","link":"https:\/\/kirjalitta.fi\/kirjalitta\/viikon-ohjelma-2024\/","title":{"rendered":"Viikon ohjelma 4.\u201310.11.2024"},"content":{"rendered":"\n<p>Tapahtumiin on vapaa p\u00e4\u00e4sy ellei toisin mainita.<\/p>\n\n\n\n<p> <\/p>\n\n\n\n<p><strong>MA-SU 4.\u201310.11.2024<\/strong><\/p>\n\n\n\n<p><strong>Nuoret kirjoittavat kaupunkia -n\u00e4yttely<\/strong>\u202f<\/p>\n\n\n\n<p>\ud83d\udccd Akateeminen kirjakauppa, Kauppakeskus Ratina, Cafe Metso.&nbsp;<\/p>\n\n\n\n<p>Jo 10. kertaa j\u00e4rjestett\u00e4v\u00e4 Nuoret kirjoittavat kaupunkia -n\u00e4yttely nostaa vuosittain esiin lasten ja nuorten tekijyytt\u00e4 ja sanataideharrastusta sek\u00e4 el\u00e4v\u00f6itt\u00e4\u00e4 kaupunkitilaa.\u202f N\u00e4yttelyn teemana on \u201cJuhlat\u201d Kirjalitta-festivaalin 10-vuotisjuhlavuoden kunniaksi. N\u00e4yttelypaikat ovat t\u00e4n\u00e4 vuonna Akateeminen kirjakauppa, Kauppakeskus Ratina sek\u00e4 Cafe Metso.<\/p>\n\n\n\n<p>N\u00e4yttely koostuu Tampereen seudun ty\u00f6v\u00e4enopiston lasten ja nuorten sanataidekoulun sek\u00e4 sanataiteen Lupa harrastaa -ryhmien oppilaiden teksteist\u00e4, ja sen on koordinoinut Sanataideyhdistys Y\u00f6st\u00e4j\u00e4.&nbsp;<\/p>\n\n\n\n<p>.<\/p>\n\n\n\n<p><strong>Abribus-mainostauluissa K\u00e4mmenniemen koulun tekstej\u00e4<\/strong><\/p>\n\n\n\n<p>\ud83d\udccd Tampereen keskusta<\/p>\n\n\n\n<p>T\u00e4n\u00e4 vuonna Kirjalitan yhteisty\u00f6koulu on K\u00e4mmenniemen koulu. K\u00e4mmenniemen alakoulun oppilaille j\u00e4rjestetyn kirjoituskilpailun voittajatekstit komeilevat\u00a0Tampereen keskusta-alueella olevissa\u00a0JCDecaux\u2019n Abribus-mainostauluissa 4.11.\u201317.11.2024. L\u00f6yd\u00e4tk\u00f6 kaikki viisi erilaista?<\/p>\n\n\n\n<p>.<\/p>\n\n\n\n<p><\/p>\n\n\n\n<p><strong>Min\u00e4 tykk\u00e4\u00e4n nyt -n\u00e4yttely<\/strong><\/p>\n\n\n\n<p>\ud83d\udccd Lastenkulttuurikeskus Rulla, Keskustori 4&nbsp;&nbsp;<\/p>\n\n\n\n<p>Min\u00e4 tykk\u00e4\u00e4n nyt on el\u00e4myksellinen taidemaailma, jossa sukelletaan tunteisiin turvallisesti ja mielikuvituksen voimalla. Moniaistinen taideseikkailu perustuu Eppu Nuotion ja Liisa Kallion samannimiseen kirjaan, josta l\u00f6ytyy my\u00f6s Anna Anttosen ja Kati Inkalan valmistamia sanataideteht\u00e4vi\u00e4. N\u00e4yttelyss\u00e4 on mahdollisuus lueskella kirjavan ilon keskell\u00e4, tyk\u00e4t\u00e4 t\u00e4ydellisill\u00e4 treffeill\u00e4, punnita surun helminauhoja ja runoilla ihan itse! Lue lis\u00e4\u00e4 <a href=\"https:\/\/tapahtumat.tampere.fi\/fi-FI\/page\/66b306dc52a8c33f7f6a14ef\">t\u00e4\u00e4lt\u00e4<\/a>.<\/p>\n\n\n\n<p>.<\/p>\n\n\n\n<p> <\/p>\n\n\n\n<p><strong>Rullan Runo-olohuone<\/strong><\/p>\n\n\n\n<p>\ud83d\udccd Lastenkulttuurikeskus Rulla, Keskustori 4&nbsp;&nbsp;<\/p>\n\n\n\n<p>Rullan Runo-olohuone on osa Kulttuurikeskus PiiPoon koordinoimaa Lasten runovallankumous -hanketta. Runo-olohuone kutsuu Kunnaksen el\u00e4m\u00e4nty\u00f6n innoittamana tutustumaan lastenrunouteen ja juhlimaan kaikille kuuluvaa lukuiloa. Runo-olohuoneessa saa leikitell\u00e4 sanoilla ja tutkia k\u00e4yt\u00e4v\u00e4\u00e4 koristavia Jani Ikosen Haitulan taikahattu -juhlavuoden runoantologian kuvituksia.<\/p>\n\n\n\n<p>Syksyn 2024 ja kev\u00e4\u00e4n 2025 ajan auki olevaan Rullan omaan Runo-olohuoneeseen kuuluu my\u00f6s toiminnallinen ja moniaistinen Tiiti\u00e4isen Satupiilo- el\u00e4myshuone, jossa mielikuvituksen saa p\u00e4\u00e4st\u00e4\u00e4 valloilleen. Satupiilon puiden oksilta voi l\u00f6yt\u00e4\u00e4 lapsilta kev\u00e4\u00e4n 2024 aikana ker\u00e4ttyjen runojen satoa tai pudottaa uusia runoja eriskummallisiin kuuleviin, n\u00e4keviin ja haistaviin runopostilaatikoihin. Lue lis\u00e4\u00e4 <a href=\"https:\/\/tapahtumat.tampere.fi\/fi-FI\/page\/66cf2a22bade064323b8b9e0\">t\u00e4\u00e4lt\u00e4<\/a>.<\/p>\n\n\n\n<p>\u202f&nbsp;<\/p>\n\n\n\n<h4 class=\"wp-block-heading\"><strong>Ti 5.11<\/strong><\/h4>\n\n\n\n<h4 class=\"wp-block-heading\">Kirjalitan koululaisp\u00e4iv\u00e4<\/h4>\n\n\n\n<p>\ud83d\udccd P\u00e4\u00e4kirjasto Metso ja l\u00e4hikirjastot&nbsp;<\/p>\n\n\n\n<p>.<\/p>\n\n\n\n<p><strong>Kirjailijavieraana Jari M\u00e4kip\u00e4\u00e4<\/strong>&nbsp;<\/p>\n\n\n\n<p>klo 9.30 <\/p>\n\n\n\n<p>\ud83d\udccd Messukyl\u00e4n kirjasto&nbsp;<\/p>\n\n\n\n<p>.<\/p>\n\n\n\n<p><strong>Kirjailijavieraana Maria Kuutti<\/strong>&nbsp;<\/p>\n\n\n\n<p>klo 10&nbsp;&nbsp;<\/p>\n\n\n\n<p>\ud83d\udccd Lielahden kirjasto&nbsp;<\/p>\n\n\n\n<p>.<\/p>\n\n\n\n<p><strong>Kirjailijavieraana Veera Salmi<\/strong>&nbsp;<\/p>\n\n\n\n<p>Klo 10.30&nbsp;<\/p>\n\n\n\n<p>\ud83d\udccd Koivistonkyl\u00e4n kirjasto&nbsp;<\/p>\n\n\n\n<p>.<\/p>\n\n\n\n<p><strong><a href=\"https:\/\/kirjalitta.fi\/kirjalitta\/kirjaviisaat\/\">Kirjaviisaat<\/a>-tietokilpailun finaali 5.-luokkalaisille&nbsp;<\/strong>&nbsp;<\/p>\n\n\n\n<p>Klo 12-13&nbsp;<\/p>\n\n\n\n<p>\ud83d\udccd P\u00e4\u00e4kirjasto Metso, Kuusi-sali&nbsp;&nbsp;<\/p>\n\n\n\n<p>\ud83d\udccd Live stream Mediakoulun koulukanavalla: linkki&nbsp;tulossa my\u00f6hemmin<\/p>\n\n\n\n<p>Kirjaviisaat on kirjatietokilpailu tamperelaisille viidesluokkalaisille. Kilpailukysymykset pohjautuvat Pirkanmaan lukudiplomin viidennen luokan kirjoihin. Kilpailun finaalissa Kirjaviisaat-mestaruudesta kisaavat alkukarsinnan nelj\u00e4 parasta luokkaa kolmihenkisin joukkuein. Finaalia voit seurata my\u00f6s Tampereen koulukanavalla. <a href=\"https:\/\/kirjalitta.fi\/kirjalitta\/kirjaviisaat\/\">Lue lis\u00e4\u00e4<\/a> Kirjaviisaat-tietokilpailusta. Kilpailun p\u00e4\u00e4palkinto on Sanataideyhdistys Y\u00f6st\u00e4j\u00e4n sanataidepaja voittajaluokan valitsemasta genrest\u00e4. Lis\u00e4ksi kaksi parasta joukkuetta voittaa kirjapalkintoja koko luokalle.\u00a0<\/p>\n\n\n\n<p>.<\/p>\n\n\n\n<p><\/p>\n\n\n\n<p><strong>Kirjailijavieraana Maria Kuutti<\/strong>&nbsp;<\/p>\n\n\n\n<p>klo 13&nbsp;<\/p>\n\n\n\n<p>\ud83d\udccd P\u00e4\u00e4kirjasto Metso&nbsp;<\/p>\n\n\n\n<p>.<\/p>\n\n\n\n<h4 class=\"wp-block-heading\"><strong>KE 6.11.<\/strong><\/h4>\n\n\n\n<h4 class=\"wp-block-heading\"><strong>Kirjalitan runojuhla<\/strong><\/h4>\n\n\n\n<p>\ud83d\udccd Lastenkulttuurikeskus Rulla, Kulttuuritalo Laikku, Keskustori 4&nbsp;<\/p>\n\n\n\n<p>Kirjalitan runojuhlassa sukelletaan runoon monin tavoin. Runojuhlassa esiintyv\u00e4t pitk\u00e4n linjan lastenkirjailija- ja runoilija Hannu Hirvonen sek\u00e4 syksyll\u00e4 ensimm\u00e4isen lastenrunokirjansa julkaiseva Aino-Maria Kangas. Lis\u00e4ksi p\u00e4\u00e4set osallistumaan lastenrunoilija Pia Krutsinin ja kuvittaja Jani Ikosen ty\u00f6pajaan, joka perustuu heid\u00e4n tuoreeseen Haitulan taikahattu -kokoelmaansa. Tapahtumassa voit tutustua my\u00f6s Kirsi Kunnaksen 100-vuotisjuhlavuotta juhlistavaan Runo-olohuoneeseen sek\u00e4 Eppu Nuotion runoihin pohjautuvaan Min\u00e4 tykk\u00e4\u00e4n nyt! -n\u00e4yttelyyn. Tule kuulemaan, kokemaan ja kokeilemaan runoja! Lue lis\u00e4\u00e4 <a href=\"https:\/\/kirjalitta.fi\/kirjalitta\/6-11-kirjalitan-runojuhla\/\">t\u00e4\u00e4lt\u00e4<\/a>.<\/p>\n\n\n\n<p>.<\/p>\n\n\n\n<h4 class=\"wp-block-heading\"><strong>TO 7.11.<\/strong>&nbsp;<\/h4>\n\n\n\n<p><strong>Kirjailijavieraana Markus Ikola<\/strong>&nbsp;<\/p>\n\n\n\n<p>klo 9.30&nbsp;<\/p>\n\n\n\n<p>\ud83d\udccd Kaukaj\u00e4rven kirjasto&nbsp;<\/p>\n\n\n\n<p>.<\/p>\n\n\n\n<p><strong>Kirjabasaari<\/strong><\/p>\n\n\n\n<p>\ud83d\udccd Lastenkirjainstituutti, Puutarhakatu 11 A, 2. krs.&nbsp;&nbsp;<\/p>\n\n\n\n<p>Kirjalitta-viikon ohjelmaan kuuluva Kirjabasaari j\u00e4rjestet\u00e4\u00e4n 7.\u20138.11.2024 Lastenkirjainstituutissa. Tervetuloa tekem\u00e4\u00e4n l\u00f6yt\u00f6j\u00e4! Basaari on avoinna:&nbsp;<\/p>\n\n\n\n<p>to 7.11. klo 12-17&nbsp;&nbsp;<\/p>\n\n\n\n<p>pe 8.11. klo 10-15&nbsp;<\/p>\n\n\n\n<p>Kirjabasaarissa myyd\u00e4\u00e4n kirjaston kokoelmista poistettuja tai muutoin ylim\u00e4\u00e4r\u00e4isi\u00e4, uusia sek\u00e4 vanhoja lasten- ja nuortenkirjoja. Kirjojen hinnat alkaen 1 \u20ac.&nbsp;&nbsp;<\/p>\n\n\n\n<p>.<\/p>\n\n\n\n<p><strong>Roosalupi goes LaNu<\/strong>&nbsp;<\/p>\n\n\n\n<p>klo 17.30-19&nbsp;<\/p>\n\n\n\n<p>\ud83d\udccd P\u00e4\u00e4kirjasto Metso, Kuusi-sali&nbsp;<\/p>\n\n\n\n<p>Roosalupilla kuullaan pirkanmaalaisten kirjailijoiden tekstej\u00e4 ja keskustellaan kirjallisuudesta.<\/p>\n\n\n\n<p>.<\/p>\n\n\n\n<h4 class=\"wp-block-heading\"><strong>PE 8.11.<\/strong>&nbsp;<\/h4>\n\n\n\n<p><strong>Kirjabasaari<\/strong><\/p>\n\n\n\n<p>\ud83d\udccd Lastenkirjainstituutti, Puutarhakatu 11 A, 2. krs.&nbsp;&nbsp;<\/p>\n\n\n\n<p>Kirjalitta-viikon ohjelmaan kuuluva Kirjabasaari j\u00e4rjestet\u00e4\u00e4n 7.\u20138.11.2024 Lastenkirjainstituutissa. Tervetuloa tekem\u00e4\u00e4n l\u00f6yt\u00f6j\u00e4! Basaari on avoinna:&nbsp;<\/p>\n\n\n\n<p>to 7.11. klo 12-17&nbsp;&nbsp;<\/p>\n\n\n\n<p>pe 8.11. klo 10-15&nbsp;<\/p>\n\n\n\n<p>Kirjabasaarissa myyd\u00e4\u00e4n kirjaston kokoelmista poistettuja tai muutoin ylim\u00e4\u00e4r\u00e4isi\u00e4, uusia sek\u00e4 vanhoja lasten- ja nuortenkirjoja. Kirjojen hinnat alkaen 1 \u20ac.&nbsp;&nbsp;<\/p>\n\n\n\n<p>.<\/p>\n\n\n\n<p><strong>K\u00e4mmenniemen koulun Kirjalitta-p\u00e4iv\u00e4<\/strong><\/p>\n\n\n\n<p>T\u00e4n\u00e4 vuonna Kirjalitalla on oma kummikoulu! K\u00e4mmenniemen koululaiset kirjoittavat syksyn aikana tekstej\u00e4 ja osallistuvat Sanataideyhdistys Y\u00f6st\u00e4j\u00e4n sanataidepajoihin. Lis\u00e4ksi koululla j\u00e4rjestet\u00e4\u00e4n pe 8.11. koko koulun kirjallisuusp\u00e4iv\u00e4, jossa esiintyv\u00e4t kirjailijat Siri Kolu ja Annukka Salama.\u00a0K\u00e4mmenniemen alakoulun oppilaille j\u00e4rjestetyn kirjoituskilpailun voittajatekstit komeilevat\u00a0Tampereen keskusta-alueella olevissa\u00a0JCDecaux\u2019n Abribus-mainostauluissa 4.11.\u201317.11.2024. <\/p>\n\n\n\n<p>Yhteisty\u00f6ss\u00e4 K\u00e4mmenniemen koulu, Suomen lasten ja nuortenkirjailijat ry sek\u00e4 Lastenkirjainstituutin Selkopolkuhanke.&nbsp;<\/p>\n\n\n\n<p>\u202f\u202f\u202f&nbsp;<\/p>\n\n\n\n<h4 class=\"wp-block-heading\"><strong>LA 9.11.<\/strong><\/h4>\n\n\n\n<h4 class=\"wp-block-heading\">Kirjalitan 10-syntt\u00e4rit<\/h4>\n\n\n\n<p>\ud83d\udccd Nuorten kulttuurikeskus Monitoimitalo 13, Pellavatehtaankatu 4, Wiwi L\u00f6nn-sali\u202f&nbsp;<\/p>\n\n\n\n<p>Kirjalitta viett\u00e4\u00e4 kymmenvuotissyntt\u00e4rijuhliaan nuorten kulttuurikeskus Monitoimitalo 13:ssa lauantaina 9.11. klo 14-16.30 ja kutsuu mukaan etenkin 9\u201312-vuotiaat. Ohjelmassa on hauskoja ty\u00f6pajoja ja musiikkia, ja tietenkin makeat syntt\u00e4ritarjoilut. Pukeudu kirjallisuuden hahmoksi ja tule mukaan! Juhlaan on ennakkoilmoittautuminen, joka avataan my\u00f6hemmin lokakuussa. Lue lis\u00e4\u00e4 <a href=\"https:\/\/kirjalitta.fi\/kirjalitta\/9-11-kirjalitan-10-synttarit\/\">t\u00e4\u00e4lt\u00e4<\/a>!<\/p>\n","protected":false},"excerpt":{"rendered":"<p>Tapahtumiin on vapaa p\u00e4\u00e4sy ellei toisin mainita. MA-SU 4.\u201310.11.2024 Nuoret kirjoittavat kaupunkia -n\u00e4yttely\u202f \ud83d\udccd Akateeminen kirjakauppa, Kauppakeskus Ratina, Cafe Metso.&nbsp; Jo 10. kertaa j\u00e4rjestett\u00e4v\u00e4 Nuoret kirjoittavat kaupunkia -n\u00e4yttely nostaa vuosittain esiin lasten ja nuorten tekijyytt\u00e4 ja sanataideharrastusta sek\u00e4 el\u00e4v\u00f6itt\u00e4\u00e4 kaupunkitilaa.\u202f N\u00e4yttelyn teemana on \u201cJuhlat\u201d Kirjalitta-festivaalin 10-vuotisjuhlavuoden kunniaksi. N\u00e4yttelypaikat ovat t\u00e4n\u00e4 [&hellip;]<\/p>\n","protected":false},"author":3,"featured_media":0,"parent":0,"menu_order":0,"comment_status":"closed","ping_status":"closed","template":"","meta":{"_themeisle_gutenberg_block_has_review":false,"footnotes":""},"class_list":["post-3568","page","type-page","status-publish","hentry"],"_links":{"self":[{"href":"https:\/\/kirjalitta.fi\/kirjalitta\/wp-json\/wp\/v2\/pages\/3568","targetHints":{"allow":["GET"]}}],"collection":[{"href":"https:\/\/kirjalitta.fi\/kirjalitta\/wp-json\/wp\/v2\/pages"}],"about":[{"href":"https:\/\/kirjalitta.fi\/kirjalitta\/wp-json\/wp\/v2\/types\/page"}],"author":[{"embeddable":true,"href":"https:\/\/kirjalitta.fi\/kirjalitta\/wp-json\/wp\/v2\/users\/3"}],"replies":[{"embeddable":true,"href":"https:\/\/kirjalitta.fi\/kirjalitta\/wp-json\/wp\/v2\/comments?post=3568"}],"version-history":[{"count":27,"href":"https:\/\/kirjalitta.fi\/kirjalitta\/wp-json\/wp\/v2\/pages\/3568\/revisions"}],"predecessor-version":[{"id":3623,"href":"https:\/\/kirjalitta.fi\/kirjalitta\/wp-json\/wp\/v2\/pages\/3568\/revisions\/3623"}],"wp:attachment":[{"href":"https:\/\/kirjalitta.fi\/kirjalitta\/wp-json\/wp\/v2\/media?parent=3568"}],"curies":[{"name":"wp","href":"https:\/\/api.w.org\/{rel}","templated":true}]}}