{"id":2792,"date":"2022-10-10T16:24:09","date_gmt":"2022-10-10T13:24:09","guid":{"rendered":"https:\/\/kirjalitta.fi\/kirjalitta\/?page_id=2792"},"modified":"2022-11-09T13:46:04","modified_gmt":"2022-11-09T11:46:04","slug":"maailma-kynassa-tyopajapaiva","status":"publish","type":"page","link":"https:\/\/kirjalitta.fi\/kirjalitta\/maailma-kynassa-tyopajapaiva\/","title":{"rendered":"Maailma kyn\u00e4ss\u00e4 -ty\u00f6pajap\u00e4iv\u00e4"},"content":{"rendered":"\n<h4 class=\"wp-block-heading\">MAAILMA KYN\u00c4SS\u00c4 -TY\u00d6PAJAP\u00c4IV\u00c4<\/h4>\n\n\n\n<p><strong>Lauantai 12.11.2022<br>Klo 11:00-15:00<br>\ud83d\udccd Nuorten kulttuurikeskus Monitoimitalo 13, Pellavatehtaankatu 4<\/strong><\/p>\n\n\n\n<p>Kirjalitan p\u00e4\u00e4tapahtuma j\u00e4rjestet\u00e4\u00e4n t\u00e4n\u00e4kin vuonna Monitoimitalo 13:ssa lauantaina 12.11. klo 11.-15.00. T\u00e4m\u00e4n vuoden ty\u00f6pajap\u00e4iv\u00e4ss\u00e4 matkataan tarinoiden kyydiss\u00e4 eri maailmoihin. P\u00e4iv\u00e4n aikana todelliset ja mielikuvitusmaailmat viev\u00e4t sinut pohtimaan maailmankaikkeutta, fantasiamaailmoja, maapallon rakennetta ja ihmismielt\u00e4. P\u00e4\u00e4set her\u00e4ttelem\u00e4\u00e4n luontoa, kurkistamaan alamaailmoihin, l\u00e4htem\u00e4\u00e4n tutkimusmatkalle avaruuteen, tutkimaan maapallon rakennetta ja osallistua lumotun kartaston luomiseen. Paikalla on my\u00f6s<strong> Akateemisen kirjakaupan<\/strong> pop-up -myym\u00e4l\u00e4 sek\u00e4 kirjastoauto <strong>Kosmos<\/strong>, josta voi lainata eri maailmoja avaavia teoksia my\u00f6s kotiin mukaan.<\/p>\n\n\n\n<p>Monitoimitalon kahvila Caf\u00e9 13 on avoinna klo 11:00-15:00. Kahvilassa voit nauttia pikkupurtavaa sopuhintaan.<\/p>\n\n\n\n<p><strong>VAPAA P\u00c4\u00c4SY!<\/strong> Tapahtumaa suositellaan kouluik\u00e4isille, perheen pienimm\u00e4t aikuisten kanssa.<br><br><strong>Yhteisty\u00f6ss\u00e4 <a href=\"https:\/\/www.tampere.fi\/nuoret\/nuorisopalvelut\" data-type=\"URL\" data-id=\"https:\/\/www.tampere.fi\/nuoret\/nuorisopalvelut\">Tampereen kaupungin nuorisopalvelut<\/a>.<\/strong><\/p>\n\n\n\n<h4 class=\"wp-block-heading\">OHJELMA<\/h4>\n\n\n\n<h5 class=\"wp-block-heading\">MAAPALLON RAKENNE -TY\u00d6PAJA<\/h5>\n\n\n\n<p><strong>Klo 11:00-15:00<br>Tila: Aula, 2 krs.<br>Luonne: non-stop ty\u00f6paja<br>J\u00e4rjest\u00e4j\u00e4: Koko perheen tiedekeskus Tiedeka<\/strong><\/p>\n\n\n\n<p>Anna oman maapallomme yll\u00e4tt\u00e4\u00e4! Kaivaudumme kerros kerrokselta syvemm\u00e4lle kohti planeettamme keskustaa. Tule Tiedekeskus <a href=\"https:\/\/tiedeka.fi\/\" data-type=\"URL\" data-id=\"https:\/\/tiedeka.fi\/\" target=\"_blank\" rel=\"noreferrer noopener\">Tiedekan <\/a>kanssa tekem\u00e4\u00e4n tulivuoria, liikuttamaan mantereita ja tutkimaan mahtavaa Maa-magneettia! Non-stop tiedety\u00f6pajoissa saat todellisen n\u00e4ppituntuman geologiaan.<\/p>\n\n\n\n<h5 class=\"wp-block-heading\">SOITTIMIA KIERR\u00c4TYSMATERIAALEISTA -TY\u00d6PAJA<\/h5>\n\n\n\n<p><strong>Klo: 11:00-15:00<br>Tila: Ateljee, 3 krs.<\/strong><br><strong>Luonne: non-stop ty\u00f6paja<br>J\u00e4rjest\u00e4j\u00e4: Tampereen kaupungin Nuorisopalvelut (Nuorten kulttuurikeskus Monitoimitalo 13)<\/strong><br><br>Ty\u00f6pajassa tehd\u00e4\u00e4n helposti soitettavia tulevaisuuden perinnesoittimia kierr\u00e4tetyist\u00e4 materiaaleista.<br>Ty\u00f6pajan ohjaajana toimii kuvataitelija<strong> Teemu Raudaskoski<\/strong>.<\/p>\n\n\n\n<h5 class=\"wp-block-heading\">MAHDOLLISTEN MAAILMOJEN MATKATOIMISTO<\/h5>\n\n\n\n<p><strong>Klo: 11:00-15:00<br>Tila: Stenvall, 4 krs.<br>Luonne: non-stop ty\u00f6paja<br>J\u00e4rjest\u00e4j\u00e4: Sanataideyhdistys Y\u00f6st\u00e4j\u00e4<\/strong><br><br><a href=\"https:\/\/www.yostaja.fi\/\" data-type=\"URL\" data-id=\"https:\/\/www.yostaja.fi\/\" target=\"_blank\" rel=\"noreferrer noopener\">Sanataideyhdistys Y\u00f6st\u00e4j\u00e4n<\/a> Mahdollisten maailmojen matkatoimistosta l\u00f6yd\u00e4t mit\u00e4 merkillisempi\u00e4 matkakohteita vieraista planeetoista toisiin ulottuvuuksiin. Sanataiteellinen matkatoimisto on t\u00e4ynn\u00e4 erilaisia hassuja tekstej\u00e4 ja maksuv\u00e4lineeksi riitt\u00e4\u00e4 mielikuvitus. Asiakkaat p\u00e4\u00e4sev\u00e4t itsekin kokeilemaan kirjoittamista pienten teht\u00e4vien avulla. Millaisen mielikuvituksellisen matkakohteen itse keksisit, ja millainen olisi oma turistihahmosi? Matkatoimistossa on esill\u00e4 my\u00f6s \u201dYksin\u00e4isten postitoimisto\u201d -kirjoituskilpailun tekstej\u00e4.<\/p>\n\n\n\n<h5 class=\"wp-block-heading\"><br>\u00c4ITI MAATA ETSIM\u00c4SS\u00c4 -NUKKETEATTERIESITYS<\/h5>\n\n\n\n<p><strong>Klo 11:30-12:00<br>Tila: Stage, 2 krs.<br>Luonne: esitys<\/strong><\/p>\n\n\n\n<p><a href=\"https:\/\/kirjalitta.fi\/kirjalitta\/esiintyjat-2022\" data-type=\"URL\" data-id=\"https:\/\/kirjalitta.fi\/kirjalitta\/esiintyjat-2022\">Nukketeatteriryhm\u00e4 Taiga-Maton<\/a> on ilmaston l\u00e4mpenemist\u00e4 k\u00e4sittelev\u00e4 arktinen satu, jossa on ripaus pohjoisen magiikkaa ja shamanismia. Esityksen tarina on yhdistelm\u00e4 siperialaisesta ja saamelaisesta kansansadusta, jotka kertovat \u00c4iti maasta. Teos on interaktiivinen, jossa lapset p\u00e4\u00e4sev\u00e4t leikin kautta her\u00e4tt\u00e4m\u00e4\u00e4n luonnon j\u00e4lleen eloon ja pohtimaan sit\u00e4, mit\u00e4 voisi t\u00e4n\u00e4 p\u00e4iv\u00e4n\u00e4 tehd\u00e4, ett\u00e4 \u00c4iti maa olisi tyytyv\u00e4inen. Esityksen on k\u00e4sikirjoittanut ja ohjannut <strong>Karim Tsarkov<\/strong>.<\/p>\n\n\n\n<h5 class=\"wp-block-heading\"><br>LAURA ERTIMON JA SATU KONTISEN YHTEISHAASTATTELU<\/h5>\n\n\n\n<p><strong>Klo 12:00<br>Tila: Aula, 3 krs.<br>Luonne: haastattelu<\/strong><\/p>\n\n\n\n<p>Tule kuulemaan tietokirjailija <a href=\"https:\/\/kirjalitta.fi\/kirjalitta\/esiintyjat-2022\" data-type=\"URL\" data-id=\"https:\/\/kirjalitta.fi\/kirjalitta\/esiintyjat-2022\">Laura Ertimon<\/a> ja kuvittaja <a href=\"https:\/\/kirjalitta.fi\/kirjalitta\/esiintyjat-2022\" data-type=\"URL\" data-id=\"https:\/\/kirjalitta.fi\/kirjalitta\/esiintyjat-2022\">Satu Kontisen<\/a> yhteishaastattelua. Laura Ertimolta ja Satu Kontiselta on julkaistu kolme lasten tietokirjaa: <em>Lumotun maan kartasto<\/em> (2020), <em>Vesi <\/em>(2017) ja <em>Y\u00f6 <\/em>(2016). <em>Lumotun maan kartasto<\/em> esittelee kymmenen sadulta kuulostavaa tarinaa er\u00e4\u00e4st\u00e4 olemassa olevasta planeetasta. <em>Vesi <\/em>taas tarkastelee silmi\u00e4 avaavasti maapallomme t\u00e4rkeint\u00e4 elementti\u00e4, vett\u00e4. <em>Y\u00f6 <\/em>taas avaa lapsille unen ja pime\u00e4n salaisuuksia ennen nukkumaanmenoaikaa.<br>Haastattelun j\u00e4lkeen alkaa kaikille avoin Lumotun Tampereen kartta -ty\u00f6paja.<\/p>\n\n\n\n<h5 class=\"wp-block-heading\">LUMOTUN TAMPEREEN KARTTA -TY\u00d6PAJA<\/h5>\n\n\n\n<p><strong>Klo 12:15-15:00<br>Tila: Aula, 3 krs.<br>Luonne: non-stop ty\u00f6paja, sopii kaiken ik\u00e4isille<\/strong><\/p>\n\n\n\n<p>Tampereen kartalla pit\u00e4\u00e4 olla ainakin koski, H\u00e4meenkatu ja S\u00e4rk\u00e4nniemi. Mutta millainen kartta syntyy, jos kaupunkia katsoo lumotut lasit nen\u00e4ll\u00e4\u00e4n? Tule paljastamaan Tampereen ihanimmat, j\u00e4nnitt\u00e4vimm\u00e4t, kadonneimmat ja parhaimmat paikat &#8211; juuri sellaisina kuin sin\u00e4 niiden tied\u00e4t olevan. Lumotun Tampereen kartta -ty\u00f6paja perustuu Laura Ertimon ja Satu Kontisen satumaiseen tietokirjaan <em>Lumotun Maan kartasto<\/em> (S&amp;S 2020). Ty\u00f6pajassa maantieteilij\u00e4, tietokirjailija <strong>Laura Ertimo <\/strong>ja kuvittaja <strong>Satu Kontinen<\/strong> ohjaavat osallistujat n\u00e4kem\u00e4\u00e4n, kertomaan ja kuvittamaan kaupunkia lumotun kartturin tavoin.<\/p>\n\n\n\n<h5 class=\"wp-block-heading\">DEKKARIKIRJAILIJA JARI M\u00c4KIP\u00c4\u00c4N ESIINTYMINEN<\/h5>\n\n\n\n<p><strong>Klo: 12:15-13:00<br>Tila: Wivi L\u00f6nn -sali, 4 krs.<br>Luonne: <\/strong>esitys<br><br>Kirjailija <a href=\"https:\/\/kirjalitta.fi\/kirjalitta\/esiintyjat-2022\" data-type=\"URL\" data-id=\"https:\/\/kirjalitta.fi\/kirjalitta\/esiintyjat-2022\">Jari M\u00e4kip\u00e4\u00e4<\/a> vie dekkareiden maailmaan! H\u00e4n paljastaa, kuinka <em>Etsiv\u00e4kerho Hurrikaani<\/em> -kirjat syntyv\u00e4t ja millaista on salapoliisikirjailijan ty\u00f6. Lis\u00e4ksi kaikki osallistujat p\u00e4\u00e4sev\u00e4t mukaan yhteisen mysteerin keksimiseen!<\/p>\n\n\n\n<h5 class=\"wp-block-heading\">NETTIPOLIISI KONSTAAPELI DANIELIN HAASTATTELU<\/h5>\n\n\n\n<p><strong>Klo: 13:00-13:45<br>Tila: Wivi L\u00f6nn -sali, 4 krs.<br>Luonne: haastattelu<\/strong><br><br>Suosittu nettipoliisi Konstaapeli <a href=\"https:\/\/kirjalitta.fi\/kirjalitta\/esiintyjat-2022\" data-type=\"URL\" data-id=\"https:\/\/kirjalitta.fi\/kirjalitta\/esiintyjat-2022\">Daniel Kalejaiye<\/a> kertoo rikoksista ja rangaistuksista ja antaa ajattelemisen aihetta. Tiesitk\u00f6, ett\u00e4 irtokarkin punnitseminen tahallaan v\u00e4\u00e4rin voi olla liev\u00e4 petos, kaverin alastonkuvan l\u00e4hett\u00e4minen muille on rikos tai ett\u00e4 somesolvaaja saattaa syyllisty\u00e4 kunnianloukkaukseen? Tieto auttaa v\u00e4ltt\u00e4m\u00e4\u00e4n hankaluudet ja puolustamaan omia oikeuksia. Nuorten el\u00e4m\u00e4st\u00e4 nousevien esimerkkitapausten lomassa Daniel kertoo ajatuksiaan mm. rasismista, kiusaamisesta ja nettik\u00e4ytt\u00e4ytymisest\u00e4.<\/p>\n\n\n\n<h5 class=\"wp-block-heading\">YKSIN\u00c4ISTEN POSTITOIMISTO -KIRJOITUSKILPAILUN PALKINTOJEN JAKO<\/h5>\n\n\n\n<p><strong>Klo 13:45 alkaen<br>Tila: Wivi L\u00f6nn -sali, 4 krs.<br>J\u00e4rjest\u00e4j\u00e4: Lasten Tampere ry, Sanataidekeskus Y\u00f6st\u00e4j\u00e4 sek\u00e4 Lastenkirjainstituutti<\/strong><br><br>Palkintojenjakotilaisuudessa jaetaan palkinnot viidelle Yksin\u00e4isten postitoimiston -kirjoituskilpailun voittajalle. Voittajatekstit julkaistaan Kirjalitan nettisivuilla maanantaina 7.11. ja ne ovat my\u00f6s esill\u00e4 festivaaliviikon ajan Monitoimitalo 13 aulassa. Lis\u00e4ksi tekstej\u00e4 n\u00e4hd\u00e4\u00e4n Tampereen keskusta-alueen valomainostauluissa viikoilla 45-46.<\/p>\n\n\n\n<h5 class=\"wp-block-heading\">TUTKIMUSMATKA AVARUUTEEN -T\u00c4HTIESITYS<\/h5>\n\n\n\n<p><strong>Klo 14:00-15:00<br>Tila: Stage, 2 kr.<br>Luonne: esitys<\/strong><\/p>\n\n\n\n<p><a href=\"https:\/\/kirjalitta.fi\/kirjalitta\/esiintyjat-2022\" data-type=\"URL\" data-id=\"https:\/\/kirjalitta.fi\/kirjalitta\/esiintyjat-2022\">Tero Hiekkalinnan<\/a> &#8221;Tutkimusmatka avaruuteen&#8221; esityksess\u00e4 tutustutaan Aurinkokunnan kohteisiin (Aurinko, planeetat, kuut, asteroidit ja komeetat), sek\u00e4 Aurinkokuntamme ulkopuolella oleviin t\u00e4htijoukkoihin, kaasusumuihin ja galakseihin. Mit\u00e4 avaruuden kohteita voi n\u00e4hd\u00e4 paljain silmin ja mit\u00e4 kaukoputkella. Lis\u00e4ksi esityksess\u00e4 tutustutaan Kuurakettiin ja Avaruussukkulaan kuvien ja videoiden avulla.<\/p>\n","protected":false},"excerpt":{"rendered":"<p>MAAILMA KYN\u00c4SS\u00c4 -TY\u00d6PAJAP\u00c4IV\u00c4 Lauantai 12.11.2022Klo 11:00-15:00\ud83d\udccd Nuorten kulttuurikeskus Monitoimitalo 13, Pellavatehtaankatu 4 Kirjalitan p\u00e4\u00e4tapahtuma j\u00e4rjestet\u00e4\u00e4n t\u00e4n\u00e4kin vuonna Monitoimitalo 13:ssa lauantaina 12.11. klo 11.-15.00. T\u00e4m\u00e4n vuoden ty\u00f6pajap\u00e4iv\u00e4ss\u00e4 matkataan tarinoiden kyydiss\u00e4 eri maailmoihin. P\u00e4iv\u00e4n aikana todelliset ja mielikuvitusmaailmat viev\u00e4t sinut pohtimaan maailmankaikkeutta, fantasiamaailmoja, maapallon rakennetta ja ihmismielt\u00e4. P\u00e4\u00e4set her\u00e4ttelem\u00e4\u00e4n luontoa, kurkistamaan alamaailmoihin, [&hellip;]<\/p>\n","protected":false},"author":3,"featured_media":0,"parent":0,"menu_order":0,"comment_status":"closed","ping_status":"closed","template":"","meta":{"_themeisle_gutenberg_block_has_review":false,"footnotes":""},"class_list":["post-2792","page","type-page","status-publish","hentry"],"_links":{"self":[{"href":"https:\/\/kirjalitta.fi\/kirjalitta\/wp-json\/wp\/v2\/pages\/2792","targetHints":{"allow":["GET"]}}],"collection":[{"href":"https:\/\/kirjalitta.fi\/kirjalitta\/wp-json\/wp\/v2\/pages"}],"about":[{"href":"https:\/\/kirjalitta.fi\/kirjalitta\/wp-json\/wp\/v2\/types\/page"}],"author":[{"embeddable":true,"href":"https:\/\/kirjalitta.fi\/kirjalitta\/wp-json\/wp\/v2\/users\/3"}],"replies":[{"embeddable":true,"href":"https:\/\/kirjalitta.fi\/kirjalitta\/wp-json\/wp\/v2\/comments?post=2792"}],"version-history":[{"count":17,"href":"https:\/\/kirjalitta.fi\/kirjalitta\/wp-json\/wp\/v2\/pages\/2792\/revisions"}],"predecessor-version":[{"id":2948,"href":"https:\/\/kirjalitta.fi\/kirjalitta\/wp-json\/wp\/v2\/pages\/2792\/revisions\/2948"}],"wp:attachment":[{"href":"https:\/\/kirjalitta.fi\/kirjalitta\/wp-json\/wp\/v2\/media?parent=2792"}],"curies":[{"name":"wp","href":"https:\/\/api.w.org\/{rel}","templated":true}]}}