{"id":2748,"date":"2022-10-10T16:19:56","date_gmt":"2022-10-10T13:19:56","guid":{"rendered":"https:\/\/kirjalitta.fi\/kirjalitta\/?page_id=2748"},"modified":"2022-11-09T13:46:36","modified_gmt":"2022-11-09T11:46:36","slug":"esiintyjat-2022","status":"publish","type":"page","link":"https:\/\/kirjalitta.fi\/kirjalitta\/esiintyjat-2022\/","title":{"rendered":"Esiintyj\u00e4t 2022"},"content":{"rendered":"\n<h4 class=\"wp-block-heading\">Miina Supinen ja Anni Nyk\u00e4nen<\/h4>\n\n\n<div class=\"wp-block-image\">\n<figure class=\"alignright size-large is-resized\"><a href=\"https:\/\/kirjalitta.fi\/kirjalitta\/wp-content\/uploads\/2022\/10\/Supinen_Nykanen_2020_01-1-scaled.jpg\"><img loading=\"lazy\" decoding=\"async\" src=\"https:\/\/kirjalitta.fi\/kirjalitta\/wp-content\/uploads\/2022\/10\/Supinen_Nykanen_2020_01-1-682x1024.jpg\" alt=\"\" class=\"wp-image-2840\" width=\"171\" height=\"256\" srcset=\"https:\/\/kirjalitta.fi\/kirjalitta\/wp-content\/uploads\/2022\/10\/Supinen_Nykanen_2020_01-1-682x1024.jpg 682w, https:\/\/kirjalitta.fi\/kirjalitta\/wp-content\/uploads\/2022\/10\/Supinen_Nykanen_2020_01-1-200x300.jpg 200w, https:\/\/kirjalitta.fi\/kirjalitta\/wp-content\/uploads\/2022\/10\/Supinen_Nykanen_2020_01-1-768x1154.jpg 768w, https:\/\/kirjalitta.fi\/kirjalitta\/wp-content\/uploads\/2022\/10\/Supinen_Nykanen_2020_01-1-1022x1536.jpg 1022w, https:\/\/kirjalitta.fi\/kirjalitta\/wp-content\/uploads\/2022\/10\/Supinen_Nykanen_2020_01-1-1363x2048.jpg 1363w, https:\/\/kirjalitta.fi\/kirjalitta\/wp-content\/uploads\/2022\/10\/Supinen_Nykanen_2020_01-1-scaled.jpg 1704w\" sizes=\"auto, (max-width: 171px) 100vw, 171px\" \/><\/a><\/figure><\/div>\n\n\n<p class=\"has-small-font-size\">Miina Supinen on kirjailija, toimittaja ja luovan kirjoittamisen opettaja. H\u00e4n on kirjoittanut kirjoja niin lapsille kuin aikuisillekin, joista lyhytproosateos <em>Apatosauruksen maa<\/em> oli Runeberg-palkintoehdokkaana vuonna 2010. <br><br>Anni Nyk\u00e4nen on Turussa asuva sarjakuvataiteilija, kuvittaja, graafinen suunnittelija sek\u00e4 animaattori, jonka kuvitusten sielun piilee niiden huumorissa, v\u00e4rikyll\u00e4isyydess\u00e4 sek\u00e4 sarjakuvallisessa leikkisyydess\u00e4. Energisen tekij\u00e4kaksikon vauhdikkaat ja humoristiset <em>Kokkiklubi <\/em>ja <em>Rosmariini <\/em>sarjat ovat nousseet erityisesti alakoululaisten suosikkilukemiseksi. Kirjasarjat ovat t\u00e4ynn\u00e4 hullunkurista fantasiaa, jossa Miina Supisen ly\u00f6m\u00e4t\u00f6n huumori t\u00e4ydentyy Anni Nyk\u00e4sen hilpe\u00e4ll\u00e4 sarjakuvalla.<\/p>\n\n\n\n<p class=\"has-small-font-size\">Miina Supinen sek\u00e4 Anni Nyk\u00e4nen esiintyv\u00e4t Kirjalitan koululaisp\u00e4iv\u00e4ss\u00e4<strong> tiistaina 8.11. klo 10-11 p\u00e4\u00e4kirjasto Metson Lehmus-salissa<\/strong> (vain etuk\u00e4teen varanneille koululuokille). Kirjaston kirjailijavierailut ovat my\u00f6s vapaasti kaikkien katsottavissa Metso Studio livestreamin kautta <a href=\"https:\/\/www.tampere.fi\/ajankohtaista\/tampereen-kanava\/kirjaston-videoita-ja-striimeja\" data-type=\"URL\" data-id=\"https:\/\/www.tampere.fi\/ajankohtaista\/tampereen-kanava\/kirjaston-videoita-ja-striimeja\" target=\"_blank\" rel=\"noreferrer noopener\">Tampereen kanavalla<\/a>.<\/p>\n\n\n\n<p class=\"has-small-font-size\">Yhteisty\u00f6ss\u00e4 Tampereen kaupunginkirjasto.<\/p>\n\n\n\n<p><\/p>\n\n\n\n<hr class=\"wp-block-separator has-alpha-channel-opacity\"\/>\n\n\n<div class=\"wp-block-image\">\n<figure class=\"alignleft size-medium is-resized\"><a href=\"https:\/\/kirjalitta.fi\/kirjalitta\/wp-content\/uploads\/2022\/10\/Magdalena_Hai_kuvaaja_Juha_Tormala.-2-scaled.jpg\"><img loading=\"lazy\" decoding=\"async\" src=\"https:\/\/kirjalitta.fi\/kirjalitta\/wp-content\/uploads\/2022\/10\/Magdalena_Hai_kuvaaja_Juha_Tormala.-2-210x300.jpg\" alt=\"\" class=\"wp-image-2800\" width=\"210\" height=\"300\" srcset=\"https:\/\/kirjalitta.fi\/kirjalitta\/wp-content\/uploads\/2022\/10\/Magdalena_Hai_kuvaaja_Juha_Tormala.-2-210x300.jpg 210w, https:\/\/kirjalitta.fi\/kirjalitta\/wp-content\/uploads\/2022\/10\/Magdalena_Hai_kuvaaja_Juha_Tormala.-2-717x1024.jpg 717w, https:\/\/kirjalitta.fi\/kirjalitta\/wp-content\/uploads\/2022\/10\/Magdalena_Hai_kuvaaja_Juha_Tormala.-2-768x1097.jpg 768w, https:\/\/kirjalitta.fi\/kirjalitta\/wp-content\/uploads\/2022\/10\/Magdalena_Hai_kuvaaja_Juha_Tormala.-2-1075x1536.jpg 1075w, https:\/\/kirjalitta.fi\/kirjalitta\/wp-content\/uploads\/2022\/10\/Magdalena_Hai_kuvaaja_Juha_Tormala.-2-1433x2048.jpg 1433w, https:\/\/kirjalitta.fi\/kirjalitta\/wp-content\/uploads\/2022\/10\/Magdalena_Hai_kuvaaja_Juha_Tormala.-2-scaled.jpg 1792w\" sizes=\"auto, (max-width: 210px) 100vw, 210px\" \/><\/a><figcaption class=\"wp-element-caption\">Kuvaaja: Juha T\u00f6rm\u00e4l\u00e4<\/figcaption><\/figure><\/div>\n\n\n<h4 class=\"wp-block-heading\">Magdalena Hai<\/h4>\n\n\n\n<p class=\"has-small-font-size\">Maskusta kotoisin oleva Magdalena Hai on tuottelias, monipuolinen ja palkittu lasten- ja nuortenkirjailija, jonka teos <em>Kerj\u00e4l\u00e4isprinsessa <\/em>(Karisto, 2012) oli ensimm\u00e4inen suomalainen steampunk-romaani. Magdalena Hai sai vuonna 2017 Tulenkantaja-palkinnon teoksestaan <em>Kurnivamahainen kissa <\/em>ja vuonna 2018 <em>Royaumen aikakirjat <\/em>-sarjan avausteos <em>Kolmas sisar <\/em>oli ehdokkaana lasten- ja nuortenkirjallisuuden Finlandia-palkinnon saajana. Lasten- ja nuortenkirjallisuuden lis\u00e4ksi Hai on kirjoittanut lyhytproosaa aikuisille. T\u00e4ll\u00e4 hetkell\u00e4 h\u00e4n kirjoittaa suosittua <em>Painajaispuoti <\/em>-sarjaa lukemaan opetteleville sek\u00e4 <em>Royaumen aikakirjat<\/em> -fantasiasarjaa nuorille ja nuorille aikuisille, jonka toinen osa <em>Isetin solmu<\/em> n\u00e4ki p\u00e4iv\u00e4nvalonsa syksyll\u00e4 2021.<\/p>\n\n\n\n<p class=\"has-small-font-size\">Magdalena Hai n\u00e4hd\u00e4\u00e4n Kirjalitassa<strong> keskiviikkona 9.11. klo 10 Koivistonkyl\u00e4n koulun liikuntasaliss<\/strong>a (vain etuk\u00e4teen varanneille koululuokille). Kirjaston kirjailijavierailut ovat my\u00f6s vapaasti kaikkien katsottavissa Metso Studio livestreamin kautta <a href=\"https:\/\/www.tampere.fi\/ajankohtaista\/tampereen-kanava\/kirjaston-videoita-ja-striimeja\" data-type=\"URL\" data-id=\"https:\/\/www.tampere.fi\/ajankohtaista\/tampereen-kanava\/kirjaston-videoita-ja-striimeja\" target=\"_blank\" rel=\"noreferrer noopener\">Tampereen kanavalla<\/a>.<br><br>Yhteisty\u00f6ss\u00e4 Tampereen kaupunginkirjasto.<\/p>\n\n\n\n<p><\/p>\n\n\n\n<hr class=\"wp-block-separator has-alpha-channel-opacity\"\/>\n\n\n\n<h4 class=\"wp-block-heading\">Leena Ravantti ja Soili Perki\u00f6<\/h4>\n\n\n<div class=\"wp-block-image\">\n<figure class=\"alignright size-medium\"><a href=\"https:\/\/kirjalitta.fi\/kirjalitta\/wp-content\/uploads\/2022\/11\/Ravantti-Perkio.png\"><img loading=\"lazy\" decoding=\"async\" width=\"300\" height=\"300\" src=\"https:\/\/kirjalitta.fi\/kirjalitta\/wp-content\/uploads\/2022\/11\/Ravantti-Perkio-300x300.png\" alt=\"\" class=\"wp-image-2902\" srcset=\"https:\/\/kirjalitta.fi\/kirjalitta\/wp-content\/uploads\/2022\/11\/Ravantti-Perkio-300x300.png 300w, https:\/\/kirjalitta.fi\/kirjalitta\/wp-content\/uploads\/2022\/11\/Ravantti-Perkio-1024x1024.png 1024w, https:\/\/kirjalitta.fi\/kirjalitta\/wp-content\/uploads\/2022\/11\/Ravantti-Perkio-150x150.png 150w, https:\/\/kirjalitta.fi\/kirjalitta\/wp-content\/uploads\/2022\/11\/Ravantti-Perkio-768x768.png 768w, https:\/\/kirjalitta.fi\/kirjalitta\/wp-content\/uploads\/2022\/11\/Ravantti-Perkio.png 1080w\" sizes=\"auto, (max-width: 300px) 100vw, 300px\" \/><\/a><figcaption class=\"wp-element-caption\">Kuvaajat: Uzi Varon ja Pertti Nisonen<\/figcaption><\/figure><\/div>\n\n\n<p class=\"has-small-font-size\">Leena Ravantti on Lappeenrannasta kotoisin oleva espoolaistunut runoilija ja lastenkirjailija, joka lastenrunoissaan nauttii hassuttelusta ja kielen musiikista. H\u00e4n uskoo lujasti niiden mahdollisuuksiin rikastaa lasten sanavarastoa ja mielikuvituksen lentoa. Vuosien varrella runoharrastus on tuottanut kolme lastenrunokirjaa, laulu- ja virsitekstej\u00e4 sek\u00e4 runoleikkej\u00e4 lapsille. H\u00e4nen viimeisin julkaistunsa yhteisteos poikansa Aapo Ravantin kanssa on <em>H\u00f6yhentakkisakki<\/em> (2020, Lasten Keskus), jossa mielikuvitusta kutkuttavat runot ja hykerrytt\u00e4v\u00e4t kuvat johdattelevat pienen lukijan lintujen ja luonnon tarkkailun pariin.<\/p>\n\n\n\n<p class=\"has-small-font-size\">Soili Perki\u00f6 on ansioitunut musiikkikasvattaja, joka tunnetaan erityisesti ty\u00f6st\u00e4\u00e4n lastenmusiikin ja musiikkikasvatuksen parissa. Soili Perki\u00f6 on k\u00e4sikirjoittanut ja esiintynyt YLE:n Pikku Kakkosen musiikkiohjelmissa (kuten <em>Musarullaa<\/em>, <em>Muista laulaa<\/em> ja <em>Rytmireissu<\/em>), tehnyt radio-ohjelmia ja s\u00e4velt\u00e4nyt musiikkia teatterille ja tanssiryhmille. Yhteisty\u00f6ss\u00e4 Hannele Huovin kanssa on syntynyt pitk\u00e4 lista lauluja, kirjoja ja \u00e4\u00e4nitteit\u00e4.&nbsp; Soili Perki\u00f6 toimii my\u00f6s Sibelius-Akatemian musiikkikasvatuksen aineryhm\u00e4n lehtorina ja osastonjohtajana.<\/p>\n\n\n\n<p class=\"has-small-font-size\">Leena Ravantti ja Soili Perki\u00f6 esiintyv\u00e4t <strong>keskiviikkona 9.11. klo 18-20 Iltasadun aika! <\/strong>-iltasatutapahtumassa<strong> Lastenkulttuurikeskus Rullassa<\/strong>. Tapahtumaan on ennakkoilmoittautuminen. Ilmoittautuminen alkaa 25.10. Lastenkulttuurikeskus Rullan nettisivuilla. Tapahtumaa suositellaan ensisijaisesti 4\u201310-vuotiaille. Peruthan ilmoittautumisesi, jos et jostain syyt\u00e4 p\u00e4\u00e4sek\u00e4\u00e4n paikalle. <\/p>\n\n\n\n<p><\/p>\n\n\n\n<hr class=\"wp-block-separator has-alpha-channel-opacity\"\/>\n\n\n\n<h4 class=\"wp-block-heading\"><br>Anu Holopainen<\/h4>\n\n\n<div class=\"wp-block-image\">\n<figure class=\"alignleft size-medium is-resized\"><a href=\"https:\/\/kirjalitta.fi\/kirjalitta\/wp-content\/uploads\/2022\/10\/Anu_Holopainen-2.jpg\"><img loading=\"lazy\" decoding=\"async\" src=\"https:\/\/kirjalitta.fi\/kirjalitta\/wp-content\/uploads\/2022\/10\/Anu_Holopainen-2-238x300.jpg\" alt=\"\" class=\"wp-image-2802\" width=\"244\" height=\"308\" srcset=\"https:\/\/kirjalitta.fi\/kirjalitta\/wp-content\/uploads\/2022\/10\/Anu_Holopainen-2-238x300.jpg 238w, https:\/\/kirjalitta.fi\/kirjalitta\/wp-content\/uploads\/2022\/10\/Anu_Holopainen-2-813x1024.jpg 813w, https:\/\/kirjalitta.fi\/kirjalitta\/wp-content\/uploads\/2022\/10\/Anu_Holopainen-2-768x968.jpg 768w, https:\/\/kirjalitta.fi\/kirjalitta\/wp-content\/uploads\/2022\/10\/Anu_Holopainen-2.jpg 995w\" sizes=\"auto, (max-width: 244px) 100vw, 244px\" \/><\/a><\/figure><\/div>\n\n\n<p class=\"has-small-font-size\">It\u00e4-Helsingist\u00e4 kotoisin oleva lasten- ja nuortenkirjailija Anu Holopainen on kirjoittanut yli 20 romaania sek\u00e4 novelleja lapsille, nuorille ja aikuisille. H\u00e4n kirjoittaa mm. fiktiota ja tieteiskirjallisuutta ja on tullut tunnetuksi erityisesti nuorille suunnatusta fantasiakirjallisuudestaan. Holopaisen dystopiaromaani <em>Molemmin jaloin<\/em> (Karisto 2006) oli Finlandia Junior \u2013ehdokas. Viimeisint\u00e4 Holopaisen tuotantoa ovat lapsille suunnattu <em>IIK!<\/em>-kauhukirjasarja (Myllylahti, 2019-) sek\u00e4 pakko-oireisesta ahdistuneisuush\u00e4iri\u00f6st\u00e4 kertova nuortenromaani <em>Filigraanitytt\u00f6 <\/em>(Karisto, 2021). Anu Holopainen kertoo kirjoittamisen olevan h\u00e4nen el\u00e4m\u00e4ntapansa, ammatti ja addiktio.<\/p>\n\n\n\n<p class=\"has-small-font-size\">Anu Holopainen n\u00e4hd\u00e4\u00e4n Kirjalitassa <strong>torstaina 10.11. klo 10 Tesoman kirjaston Lysti-salissa<\/strong> (vain etuk\u00e4teen varanneille koululuokille). Kirjaston kirjailijavierailut ovat my\u00f6s vapaasti kaikkien katsottavissa Metso Studio livestreamin kautta <a href=\"https:\/\/www.tampere.fi\/ajankohtaista\/tampereen-kanava\/kirjaston-videoita-ja-striimeja\" data-type=\"URL\" data-id=\"https:\/\/www.tampere.fi\/ajankohtaista\/tampereen-kanava\/kirjaston-videoita-ja-striimeja\" target=\"_blank\" rel=\"noreferrer noopener\">Tampereen kanavalla<\/a>.<\/p>\n\n\n\n<p class=\"has-small-font-size\">Yhteisty\u00f6ss\u00e4 Tampereen kaupunginkirjasto.<\/p>\n\n\n\n<p><\/p>\n\n\n\n<hr class=\"wp-block-separator has-alpha-channel-opacity\"\/>\n\n\n\n<h4 class=\"has-text-align-left wp-block-heading\">Paula Halkola ja Salla Simukka<\/h4>\n\n\n<div class=\"wp-block-image\">\n<figure class=\"alignright size-medium is-resized\"><a href=\"https:\/\/kirjalitta.fi\/kirjalitta\/wp-content\/uploads\/2022\/10\/Halkola_Paula_2017_02-1-scaled.jpg\"><img loading=\"lazy\" decoding=\"async\" src=\"https:\/\/kirjalitta.fi\/kirjalitta\/wp-content\/uploads\/2022\/10\/Halkola_Paula_2017_02-1-300x257.jpg\" alt=\"\" class=\"wp-image-2803\" width=\"300\" height=\"257\" srcset=\"https:\/\/kirjalitta.fi\/kirjalitta\/wp-content\/uploads\/2022\/10\/Halkola_Paula_2017_02-1-300x257.jpg 300w, https:\/\/kirjalitta.fi\/kirjalitta\/wp-content\/uploads\/2022\/10\/Halkola_Paula_2017_02-1-1024x878.jpg 1024w, https:\/\/kirjalitta.fi\/kirjalitta\/wp-content\/uploads\/2022\/10\/Halkola_Paula_2017_02-1-768x658.jpg 768w, https:\/\/kirjalitta.fi\/kirjalitta\/wp-content\/uploads\/2022\/10\/Halkola_Paula_2017_02-1-1536x1316.jpg 1536w, https:\/\/kirjalitta.fi\/kirjalitta\/wp-content\/uploads\/2022\/10\/Halkola_Paula_2017_02-1-2048x1755.jpg 2048w\" sizes=\"auto, (max-width: 300px) 100vw, 300px\" \/><\/a><\/figure><\/div>\n\n\n<p class=\"has-small-font-size\">WSOY:n lasten- ja nuortenkirjoista vastaava kustantaja Paula Halkola kertoo kustantamossa ty\u00f6skentelemisest\u00e4 ja lasten- ja nuortenkirjojen kustantamisesta. <\/p>\n\n\n\n<p class=\"has-small-font-size\">Aikaisemmin Halkola on toiminut Lastenkirjainstituutin toiminnanjohtajana vuosina 2015-2017. Lis\u00e4ksi Halkolan taustalta l\u00f6ytyy pitk\u00e4 sanataideura Oulun Nukun sanataidekoululla ja Tampereella Sanataideyhdistys Y\u00f6st\u00e4j\u00e4ss\u00e4. Ty\u00f6uransa aikana h\u00e4n on toiminut my\u00f6s Tampereen kaupungin lastenkulttuurikoordinaattorina.<\/p>\n\n\n\n<p><\/p>\n\n\n\n<hr class=\"wp-block-separator has-alpha-channel-opacity\"\/>\n\n\n<div class=\"wp-block-image\">\n<figure class=\"alignleft size-medium\"><a href=\"https:\/\/kirjalitta.fi\/kirjalitta\/wp-content\/uploads\/2022\/11\/Simukka_Salla_2022_07_Outi-Puhakka-scaled.jpg\"><img loading=\"lazy\" decoding=\"async\" width=\"300\" height=\"200\" src=\"https:\/\/kirjalitta.fi\/kirjalitta\/wp-content\/uploads\/2022\/11\/Simukka_Salla_2022_07_Outi-Puhakka-300x200.jpg\" alt=\"\" class=\"wp-image-2944\" srcset=\"https:\/\/kirjalitta.fi\/kirjalitta\/wp-content\/uploads\/2022\/11\/Simukka_Salla_2022_07_Outi-Puhakka-300x200.jpg 300w, https:\/\/kirjalitta.fi\/kirjalitta\/wp-content\/uploads\/2022\/11\/Simukka_Salla_2022_07_Outi-Puhakka-1024x683.jpg 1024w, https:\/\/kirjalitta.fi\/kirjalitta\/wp-content\/uploads\/2022\/11\/Simukka_Salla_2022_07_Outi-Puhakka-768x512.jpg 768w, https:\/\/kirjalitta.fi\/kirjalitta\/wp-content\/uploads\/2022\/11\/Simukka_Salla_2022_07_Outi-Puhakka-1536x1024.jpg 1536w, https:\/\/kirjalitta.fi\/kirjalitta\/wp-content\/uploads\/2022\/11\/Simukka_Salla_2022_07_Outi-Puhakka-2048x1365.jpg 2048w, https:\/\/kirjalitta.fi\/kirjalitta\/wp-content\/uploads\/2022\/11\/Simukka_Salla_2022_07_Outi-Puhakka-360x240.jpg 360w\" sizes=\"auto, (max-width: 300px) 100vw, 300px\" \/><\/a><figcaption class=\"wp-element-caption\">Kuva: Outi Puhakka \/ Tammi<\/figcaption><\/figure><\/div>\n\n\n<p class=\"has-small-font-size\">Salla Simukka on tamperelainen kirjailija. Simukalle on my\u00f6nnetty kaksikymmenvuotisen kirjailijanuransa aikana lukuisia arvostettuja kirjallisuuspalkintoja, kuten Suomi- ja Topelius-palkinto.<\/p>\n\n\n\n<p class=\"has-small-font-size\">Salla Simukka on saavuttanut suosiota nuortenkirjailijana my\u00f6s kansainv\u00e4lisesti. Lumikki-trilogia on ollut valtava maailmanmenestys: sen k\u00e4\u00e4nn\u00f6soikeudet on myyty jo yli 50 maahan. Trilogian vetovoimaa selitt\u00e4\u00e4 Simukan syv\u00e4 tarinaperinteen ja populaarikulttuurin tuntemus.<\/p>\n\n\n\n<p class=\"has-small-font-size\">Paula Halkola ja Salla Simukka n\u00e4hd\u00e4\u00e4n Kirjalitassa Sanataidekoulun nuortenillassa <strong>torstaina 10.11. klo 17-18.30 nuorten kulttuurikeskus Monitoimitalo 13:ssa<\/strong>.<\/p>\n\n\n\n<p class=\"has-small-font-size\">Yhteisty\u00f6ss\u00e4 Tampereen seudun ty\u00f6v\u00e4enopiston Lasten ja nuorten sanataidekoulu.<\/p>\n\n\n\n<p><\/p>\n\n\n\n<hr class=\"wp-block-separator has-alpha-channel-opacity\"\/>\n\n\n\n<h4 class=\"wp-block-heading\">Jukka-Pekka Palviainen<\/h4>\n\n\n<div class=\"wp-block-image\">\n<figure class=\"alignleft size-medium\"><a href=\"https:\/\/kirjalitta.fi\/kirjalitta\/wp-content\/uploads\/2022\/10\/Jukka-Pekka-Palviainen-1.jpg\"><img loading=\"lazy\" decoding=\"async\" width=\"174\" height=\"300\" src=\"https:\/\/kirjalitta.fi\/kirjalitta\/wp-content\/uploads\/2022\/10\/Jukka-Pekka-Palviainen-1-174x300.jpg\" alt=\"\" class=\"wp-image-2805\" srcset=\"https:\/\/kirjalitta.fi\/kirjalitta\/wp-content\/uploads\/2022\/10\/Jukka-Pekka-Palviainen-1-174x300.jpg 174w, https:\/\/kirjalitta.fi\/kirjalitta\/wp-content\/uploads\/2022\/10\/Jukka-Pekka-Palviainen-1-594x1024.jpg 594w, https:\/\/kirjalitta.fi\/kirjalitta\/wp-content\/uploads\/2022\/10\/Jukka-Pekka-Palviainen-1.jpg 743w\" sizes=\"auto, (max-width: 174px) 100vw, 174px\" \/><\/a><\/figure><\/div>\n\n\n<p class=\"has-small-font-size\">Jukka-Pekka Palviainen on Raumalta kotoisin oleva sastamalalainen kirjailija. Nuorena rockt\u00e4hteydest\u00e4 unelmoinut Palviainen on sittemmin l\u00f6yt\u00e4nyt sis\u00e4lt\u00e4\u00e4n tarinoita, joita h\u00e4n onkin kirjoittanut kaiken ik\u00e4isille. H\u00e4n on kirjoittanut mm. <em>R\u00e4m\u00e4p\u00e4\u00e4t<\/em>&#8211; sek\u00e4 <em>Allu <\/em>-kirjasarjat, ja kaikkiaan noin kolmekymment\u00e4 teosta aikuisille, nuorille ja lapsille. H\u00e4nen tuotannolleen on tyypillist\u00e4 k\u00e4sitell\u00e4 vakavia aiheita, v\u00e4lill\u00e4 mustalla huumorilla kevent\u00e4en. Lastenkirjoissa h\u00e4n antaa kuitenkin ilon ja huumorin vied\u00e4 mukanaan. <em>Allu<\/em>-kirjoissa lapsia on vieh\u00e4tt\u00e4nyt arjesta ammentava kekseli\u00e4s huumori sek\u00e4 nokkelat sanaleikit. H\u00e4nen nuortenromaaninsa<em> Joku vieraileva t\u00e4hti <\/em>(WSOY, 2011) on palkittu vuoden 2012 Topelius-palkinnolla, lis\u00e4ksi lastenkirja <em>Allu ja outo Uolevi <\/em>(WSOY, 2019) oli ehdolla Runeberg Junior \u2013palkinnon saajaksi. Vuonna 2018 h\u00e4nelle my\u00f6nnettiin Tampereen kaupungin luovan kirjallisen ty\u00f6n palkintojulkaistusta kirjallisuudesta.<\/p>\n\n\n\n<p class=\"has-small-font-size\">Jukka-Pekka Palviainen n\u00e4hd\u00e4\u00e4n Kirjalitassa<strong> perjantaina 11.11. klo 10 Kaukaj\u00e4rven kirjastossa<\/strong> (vain etuk\u00e4teen varanneille koululuokille). Kirjaston kirjailijavierailut ovat my\u00f6s vapaasti kaikkien katsottavissa Metso Studio livestreamin kautta <a href=\"https:\/\/www.tampere.fi\/ajankohtaista\/tampereen-kanava\/kirjaston-videoita-ja-striimeja\" data-type=\"URL\" data-id=\"https:\/\/www.tampere.fi\/ajankohtaista\/tampereen-kanava\/kirjaston-videoita-ja-striimeja\" target=\"_blank\" rel=\"noreferrer noopener\">Tampereen kanavalla<\/a>.<\/p>\n\n\n\n<p class=\"has-small-font-size\">Yhteisty\u00f6ss\u00e4 Tampereen kaupunginkirjasto.<\/p>\n\n\n\n<p><\/p>\n\n\n\n<hr class=\"wp-block-separator has-alpha-channel-opacity\"\/>\n\n\n\n<h4 class=\"wp-block-heading\">Annukka Salama ja Elina Pitk\u00e4kangas<\/h4>\n\n\n<div class=\"wp-block-image\">\n<figure class=\"alignright size-medium\"><a href=\"https:\/\/kirjalitta.fi\/kirjalitta\/wp-content\/uploads\/2022\/10\/Salama_Annukka_2021_05-1.jpeg\"><img loading=\"lazy\" decoding=\"async\" width=\"300\" height=\"200\" src=\"https:\/\/kirjalitta.fi\/kirjalitta\/wp-content\/uploads\/2022\/10\/Salama_Annukka_2021_05-1-300x200.jpeg\" alt=\"\" class=\"wp-image-2806\" srcset=\"https:\/\/kirjalitta.fi\/kirjalitta\/wp-content\/uploads\/2022\/10\/Salama_Annukka_2021_05-1-300x200.jpeg 300w, https:\/\/kirjalitta.fi\/kirjalitta\/wp-content\/uploads\/2022\/10\/Salama_Annukka_2021_05-1-360x240.jpeg 360w, https:\/\/kirjalitta.fi\/kirjalitta\/wp-content\/uploads\/2022\/10\/Salama_Annukka_2021_05-1.jpeg 640w\" sizes=\"auto, (max-width: 300px) 100vw, 300px\" \/><\/a><\/figure><\/div>\n\n\n<p class=\"has-small-font-size\">Annukka Salama on tamperelainen nuortenkirjailija. H\u00e4n on koulutukseltaan sek\u00e4 elokuvantuottaja ett\u00e4 filosofian maisteri p\u00e4\u00e4aineenaan informaationtutkimus. H\u00e4nen fantasiatrilogiansa ensimm\u00e4inen osa <em>K\u00e4\u00e4rmeenlumooja <\/em>(WSOY, 2012) palkittiin jaetulla Blogistanian Kuopus -palkinnolla vuoden parhaana nuortenkirjana. Teos sai my\u00f6s Topelius-ehdokkuuden samana vuonna. Annukka Salamalta on ilmestynyt alkuvuonna nuortenkirja <em>Ripley<\/em>: nopea yhteys, jossa k\u00e4sitell\u00e4\u00e4n nettiyst\u00e4vyytt\u00e4, koodaamista ja hakkerointia.<\/p>\n\n\n\n<p><\/p>\n\n\n\n<hr class=\"wp-block-separator has-alpha-channel-opacity\"\/>\n\n\n<div class=\"wp-block-image\">\n<figure class=\"alignleft size-medium\"><a href=\"https:\/\/kirjalitta.fi\/kirjalitta\/wp-content\/uploads\/2022\/10\/Pitkakangas_Elina_2021_02-1.jpeg\"><img loading=\"lazy\" decoding=\"async\" width=\"200\" height=\"300\" src=\"https:\/\/kirjalitta.fi\/kirjalitta\/wp-content\/uploads\/2022\/10\/Pitkakangas_Elina_2021_02-1-200x300.jpeg\" alt=\"\" class=\"wp-image-2807\" srcset=\"https:\/\/kirjalitta.fi\/kirjalitta\/wp-content\/uploads\/2022\/10\/Pitkakangas_Elina_2021_02-1-200x300.jpeg 200w, https:\/\/kirjalitta.fi\/kirjalitta\/wp-content\/uploads\/2022\/10\/Pitkakangas_Elina_2021_02-1.jpeg 427w\" sizes=\"auto, (max-width: 200px) 100vw, 200px\" \/><\/a><\/figure><\/div>\n\n\n<p class=\"has-small-font-size\"><br><br>Elina Pitk\u00e4kangas on Hollolasta kotoisin oleva nuortenkirjailija, jolle kirjoittaminen on tapa rentoutua ja unelmoida, mutta my\u00f6s keino harjoittaa k\u00e4rsiv\u00e4llisyytt\u00e4 ja itsekuria. H\u00e4nen ihmissusista kertova nuorten aikuisten urbaania fantasiaa edustava <em>Kuura<\/em>-trilogian lis\u00e4osa <em>Hukan perim\u00e4t<\/em> (Myllylahti, 2020) oli Topelius ehdokkaana vuonna 2021. Elina Pitk\u00e4kankaalta syyskuussa 2022 ilmestynyt romaani <em>Sang <\/em>kertoo vallasta ja rakkaudesta kuvitteellisessa tulevaisuuden It\u00e4-Aasiassa.<\/p>\n\n\n\n<p class=\"has-small-font-size\">Annukka Salama ja Elina Pitk\u00e4kangas ovat mukana Kirjalitassa<strong> perjantaina 11.11. klo 13-14 Roosalupin vieraina p\u00e4\u00e4kirjasto Metson Lehmus-salissa<\/strong>.<\/p>\n\n\n\n<p class=\"has-small-font-size\">Yhteisty\u00f6ss\u00e4 Pirkkalaiskirjailijat ry.<\/p>\n\n\n\n<p><\/p>\n\n\n\n<hr class=\"wp-block-separator has-alpha-channel-opacity\"\/>\n\n\n\n<h4 class=\"wp-block-heading\">Nukketeatteriryhm\u00e4 Taiga-Matto<\/h4>\n\n\n<div class=\"wp-block-image\">\n<figure class=\"alignright size-medium is-resized\"><a href=\"https:\/\/kirjalitta.fi\/kirjalitta\/wp-content\/uploads\/2022\/10\/Aiti-maa-ja-koyha-mies-1-scaled.jpg\"><img loading=\"lazy\" decoding=\"async\" src=\"https:\/\/kirjalitta.fi\/kirjalitta\/wp-content\/uploads\/2022\/10\/Aiti-maa-ja-koyha-mies-1-300x200.jpg\" alt=\"\" class=\"wp-image-2808\" width=\"308\" height=\"205\" srcset=\"https:\/\/kirjalitta.fi\/kirjalitta\/wp-content\/uploads\/2022\/10\/Aiti-maa-ja-koyha-mies-1-300x200.jpg 300w, https:\/\/kirjalitta.fi\/kirjalitta\/wp-content\/uploads\/2022\/10\/Aiti-maa-ja-koyha-mies-1-1024x682.jpg 1024w, https:\/\/kirjalitta.fi\/kirjalitta\/wp-content\/uploads\/2022\/10\/Aiti-maa-ja-koyha-mies-1-768x511.jpg 768w, https:\/\/kirjalitta.fi\/kirjalitta\/wp-content\/uploads\/2022\/10\/Aiti-maa-ja-koyha-mies-1-1536x1022.jpg 1536w, https:\/\/kirjalitta.fi\/kirjalitta\/wp-content\/uploads\/2022\/10\/Aiti-maa-ja-koyha-mies-1-2048x1363.jpg 2048w, https:\/\/kirjalitta.fi\/kirjalitta\/wp-content\/uploads\/2022\/10\/Aiti-maa-ja-koyha-mies-1-360x240.jpg 360w\" sizes=\"auto, (max-width: 308px) 100vw, 308px\" \/><\/a><\/figure><\/div>\n\n\n<p class=\"has-small-font-size\">Teatteri Taiga-Matto on kiert\u00e4v\u00e4 nukketeatteriryhm\u00e4, jonka esitykset ovat suunnattu ennen kaikkea lapsille ja nuorille, aikuista yleis\u00f6\u00e4 unohtamatta. Nukketeatteriryhm\u00e4n esitykset ovat useimmiten osallistavia, joissa k\u00e4ytet\u00e4\u00e4n el\u00e4v\u00e4\u00e4 musisointia sek\u00e4 nukketeatterin eri tekniikoita. Heid\u00e4n uusin <em>\u00c4iti maata etsim\u00e4ss\u00e4<\/em> -nukketeatteriesitys on arktinen satu, joka k\u00e4sittelee ilmaston l\u00e4mpenemist\u00e4. Karim Tsarkovin k\u00e4sikirjoittaman ja ohjaaman esityksen tarina on yhdistelm\u00e4 \u00c4iti maasta kertovista siperialaisesta ja saamelaisesta kansansaduista.<\/p>\n\n\n\n<p class=\"has-small-font-size\">Taiga-Maton <em>\u00c4iti maata etsim\u00e4ss\u00e4<\/em> -nukketeatteriesitys n\u00e4hd\u00e4\u00e4n Kirjalitan Maailma kyn\u00e4ss\u00e4 -ty\u00f6pajap\u00e4iv\u00e4ss\u00e4<strong> lauantaina 12.11. klo 11.30-12 nuorten kulttuurikeskus Monitoimitalo 13:ssa<\/strong>.<\/p>\n\n\n\n<p><\/p>\n\n\n\n<hr class=\"wp-block-separator has-alpha-channel-opacity\"\/>\n\n\n\n<h4 class=\"wp-block-heading\">Laura Ertimo ja Satu Kontinen<\/h4>\n\n\n<div class=\"wp-block-image\">\n<figure class=\"alignleft size-medium\"><a href=\"https:\/\/kirjalitta.fi\/kirjalitta\/wp-content\/uploads\/2022\/10\/Ertimo-ja-Kontinen-_-kuvaaja-Anna-Autio-3-scaled.jpg\"><img loading=\"lazy\" decoding=\"async\" width=\"300\" height=\"200\" src=\"https:\/\/kirjalitta.fi\/kirjalitta\/wp-content\/uploads\/2022\/10\/Ertimo-ja-Kontinen-_-kuvaaja-Anna-Autio-3-300x200.jpg\" alt=\"\" class=\"wp-image-2809\" srcset=\"https:\/\/kirjalitta.fi\/kirjalitta\/wp-content\/uploads\/2022\/10\/Ertimo-ja-Kontinen-_-kuvaaja-Anna-Autio-3-300x200.jpg 300w, https:\/\/kirjalitta.fi\/kirjalitta\/wp-content\/uploads\/2022\/10\/Ertimo-ja-Kontinen-_-kuvaaja-Anna-Autio-3-1024x683.jpg 1024w, https:\/\/kirjalitta.fi\/kirjalitta\/wp-content\/uploads\/2022\/10\/Ertimo-ja-Kontinen-_-kuvaaja-Anna-Autio-3-768x512.jpg 768w, https:\/\/kirjalitta.fi\/kirjalitta\/wp-content\/uploads\/2022\/10\/Ertimo-ja-Kontinen-_-kuvaaja-Anna-Autio-3-1536x1024.jpg 1536w, https:\/\/kirjalitta.fi\/kirjalitta\/wp-content\/uploads\/2022\/10\/Ertimo-ja-Kontinen-_-kuvaaja-Anna-Autio-3-2048x1365.jpg 2048w, https:\/\/kirjalitta.fi\/kirjalitta\/wp-content\/uploads\/2022\/10\/Ertimo-ja-Kontinen-_-kuvaaja-Anna-Autio-3-360x240.jpg 360w\" sizes=\"auto, (max-width: 300px) 100vw, 300px\" \/><\/a><figcaption class=\"wp-element-caption\">Kuva: Anna Autio<\/figcaption><\/figure><\/div>\n\n\n<p class=\"has-small-font-size\">Maantieteilij\u00e4 ja kirjailija Laura Ertimo kutsuu itse\u00e4\u00e4n tietokirjailevaksi maantieteilij\u00e4ksi. H\u00e4n on aikaisemmin keskittynyt maantieteelliseen tietokirjallisuuteen ja kartastoihin, mutta siirtynyt viime vuosina ty\u00f6skentelem\u00e4\u00e4n p\u00e4\u00e4toimisesti lasten tietokirjallisuuden pariin. Satu Kontinen on graafinen suunnittelija ja kuvittaja, joka on tunnettu yksityiskohtaisista mustet\u00f6ist\u00e4\u00e4n sek\u00e4 kummallisten otusten ja mielikuvitusmaailmoiden luomisesta, jotka saavat niin lasten kuin aikuistenkin mielikuvituksen laukalle. Vuonna 2004 h\u00e4n oli ehdolla Finlandia Junior \u2013palkinnon saajaksi ja vuonna 2017 yksi kymmenest\u00e4 finalisteista Rudolf Koivu \u2013palkinnon saajaksi.<\/p>\n\n\n\n<p class=\"has-small-font-size\">Ertimon ja Kontisen uusin lapsille suunnattu tietokirja <em>Lumotun maan kartasto<\/em> (2020) sis\u00e4lt\u00e4\u00e4 kymmenen tarinaa muuttuvalta planeetalta ja niille kullekin kymmenen karttaa. Kirjaan mahtuvat niin kertomukset ilmastosta, kasvien v\u00e4lisest\u00e4 rakkaudesta, arkeologisista aarteista kuin kartta keijuista ja mennink\u00e4isist\u00e4. Kaksikolta tunnetaan my\u00f6s koko perheen lasten tietokirjateokset <em>Y\u00f6 <\/em>(2016) ja <em>Vesi <\/em>(2017). <em>Vesi <\/em>tarkastelee silmi\u00e4 avaavasti maapallomme t\u00e4rkeint\u00e4 elementti\u00e4, vett\u00e4. <em>Y\u00f6 <\/em>taas avaa lapsille unen ja pime\u00e4n salaisuuksia ennen nukkumaanmenoaikaa.<\/p>\n\n\n\n<p class=\"has-small-font-size\">Laura Ertimo ja Satu Kontinen pit\u00e4v\u00e4t Lumotun Tampereen kartta -ty\u00f6pajan Kirjalitan Maailma kyn\u00e4ss\u00e4 -ty\u00f6pajap\u00e4iv\u00e4ss\u00e4 <strong>lauantaina 12.11. klo 12.15-15 nuorten kulttuurikeskus Monitoimitalo 13:ssa<\/strong>.<\/p>\n\n\n\n<p class=\"has-small-font-size\">Yhteisty\u00f6ss\u00e4 Nuortenkirjailijat ja Kuvittajat ry.<\/p>\n\n\n\n<p><\/p>\n\n\n\n<hr class=\"wp-block-separator has-alpha-channel-opacity\"\/>\n\n\n\n<h4 class=\"wp-block-heading\">Jari M\u00e4kip\u00e4\u00e4<\/h4>\n\n\n<div class=\"wp-block-image\">\n<figure class=\"alignright size-medium\"><a href=\"https:\/\/kirjalitta.fi\/kirjalitta\/wp-content\/uploads\/2022\/10\/Jari_Ma\u0308kipa\u0308a\u0308_va\u0308ri-1-scaled.jpg\"><img loading=\"lazy\" decoding=\"async\" width=\"300\" height=\"298\" src=\"https:\/\/kirjalitta.fi\/kirjalitta\/wp-content\/uploads\/2022\/10\/Jari_Ma\u0308kipa\u0308a\u0308_va\u0308ri-1-300x298.jpg\" alt=\"\" class=\"wp-image-2810\" srcset=\"https:\/\/kirjalitta.fi\/kirjalitta\/wp-content\/uploads\/2022\/10\/Jari_Ma\u0308kipa\u0308a\u0308_va\u0308ri-1-300x298.jpg 300w, https:\/\/kirjalitta.fi\/kirjalitta\/wp-content\/uploads\/2022\/10\/Jari_Ma\u0308kipa\u0308a\u0308_va\u0308ri-1-1024x1018.jpg 1024w, https:\/\/kirjalitta.fi\/kirjalitta\/wp-content\/uploads\/2022\/10\/Jari_Ma\u0308kipa\u0308a\u0308_va\u0308ri-1-150x150.jpg 150w, https:\/\/kirjalitta.fi\/kirjalitta\/wp-content\/uploads\/2022\/10\/Jari_Ma\u0308kipa\u0308a\u0308_va\u0308ri-1-768x763.jpg 768w, https:\/\/kirjalitta.fi\/kirjalitta\/wp-content\/uploads\/2022\/10\/Jari_Ma\u0308kipa\u0308a\u0308_va\u0308ri-1-1536x1527.jpg 1536w, https:\/\/kirjalitta.fi\/kirjalitta\/wp-content\/uploads\/2022\/10\/Jari_Ma\u0308kipa\u0308a\u0308_va\u0308ri-1-2048x2035.jpg 2048w\" sizes=\"auto, (max-width: 300px) 100vw, 300px\" \/><\/a><\/figure><\/div>\n\n\n<p class=\"has-small-font-size\">Jari M\u00e4kip\u00e4\u00e4 on Tampereelta kotoisin oleva lasten- ja nuortenkirjailija, joka kirjoittaa suosittua <em>Etsiv\u00e4kerho Hurrikaani<\/em> -kirjasarjaa. Kirjasarjasta on t\u00e4ll\u00e4 hetkell\u00e4 julkaistu yhteens\u00e4 14 teosta. Vuonna 2014 sarjan teos <em>Etsiv\u00e4kerho Hurrikaani ja h\u00e4m\u00e4r\u00e4n majatalo<\/em> sai Tampereen kaupungin kirjallisuuspalkinnon. T\u00e4m\u00e4n lis\u00e4ksi h\u00e4nelt\u00e4 on julkaistu vuosina 2018-2019 <em>Masi Tulppa<\/em> -kirjasarjaa. M\u00e4kip\u00e4\u00e4 on my\u00f6s k\u00e4sikirjoittanut useita tv- ja verkkosis\u00e4lt\u00f6j\u00e4 Ylen lasten- ja nuortenohjelmille sek\u00e4 juontanut muun muassa suosittuja Ylen lasten- ja varhaisnuorten ohjelmia, kuten <em>Lasten aamua<\/em>, <em>Operaatio Hurrikaania<\/em> sek\u00e4 <em>Galaxia<\/em>. Koulutukseltaan M\u00e4kip\u00e4\u00e4 on taiteiden maisteri elokuvak\u00e4sikirjoittamisessa MA in Screenwriting, University of Salford (2011) ja medianomi (ylempi AMK, 2009).<\/p>\n\n\n\n<p class=\"has-small-font-size\">Jari M\u00e4kip\u00e4\u00e4n esiintyminen n\u00e4hd\u00e4\u00e4n Kirjalitan Maailma kyn\u00e4ss\u00e4 -ty\u00f6pajap\u00e4iv\u00e4ss\u00e4 <strong>lauantaina 12.11. klo 12.15-13 nuorten kulttuurikeskus Monitoimitalo 13:ssa<\/strong>.<\/p>\n\n\n\n<p><\/p>\n\n\n\n<hr class=\"wp-block-separator has-alpha-channel-opacity\"\/>\n\n\n\n<h4 class=\"wp-block-heading\">Konstaapeli Daniel Kalejaiye<\/h4>\n\n\n<div class=\"wp-block-image\">\n<figure class=\"alignleft size-medium\"><a href=\"https:\/\/kirjalitta.fi\/kirjalitta\/wp-content\/uploads\/2022\/10\/Daniel-Kalejaiye-2021-2-Kuva-Juha-Kinanen-1-scaled.jpg\"><img loading=\"lazy\" decoding=\"async\" width=\"200\" height=\"300\" src=\"https:\/\/kirjalitta.fi\/kirjalitta\/wp-content\/uploads\/2022\/10\/Daniel-Kalejaiye-2021-2-Kuva-Juha-Kinanen-1-200x300.jpg\" alt=\"\" class=\"wp-image-2811\" srcset=\"https:\/\/kirjalitta.fi\/kirjalitta\/wp-content\/uploads\/2022\/10\/Daniel-Kalejaiye-2021-2-Kuva-Juha-Kinanen-1-200x300.jpg 200w, https:\/\/kirjalitta.fi\/kirjalitta\/wp-content\/uploads\/2022\/10\/Daniel-Kalejaiye-2021-2-Kuva-Juha-Kinanen-1-683x1024.jpg 683w, https:\/\/kirjalitta.fi\/kirjalitta\/wp-content\/uploads\/2022\/10\/Daniel-Kalejaiye-2021-2-Kuva-Juha-Kinanen-1-768x1152.jpg 768w, https:\/\/kirjalitta.fi\/kirjalitta\/wp-content\/uploads\/2022\/10\/Daniel-Kalejaiye-2021-2-Kuva-Juha-Kinanen-1-1024x1536.jpg 1024w, https:\/\/kirjalitta.fi\/kirjalitta\/wp-content\/uploads\/2022\/10\/Daniel-Kalejaiye-2021-2-Kuva-Juha-Kinanen-1-1365x2048.jpg 1365w, https:\/\/kirjalitta.fi\/kirjalitta\/wp-content\/uploads\/2022\/10\/Daniel-Kalejaiye-2021-2-Kuva-Juha-Kinanen-1-scaled.jpg 1707w\" sizes=\"auto, (max-width: 200px) 100vw, 200px\" \/><\/a><figcaption class=\"wp-element-caption\">Kuva: Juha Kinanen<\/figcaption><\/figure><\/div>\n\n\n<p class=\"has-small-font-size\">Someilmi\u00f6ksi noussut Daniel Kalejaiye eli Konstaapeli Daniel ty\u00f6skentelee vanhempana konstaapelina It\u00e4-Suomen poliisilaitoksella. Aiemmalta koulutukseltaan h\u00e4n on nuoriso- ja vapaa-ajanohjaaja. H\u00e4nell\u00e4 on Tiktokissa ja Instagramissa l\u00e4hes 194 000 seuraajaa. Konstaapeli Danielin videoita Tiktokissa ja Youtubessa voidaan kuvailla viihdytt\u00e4v\u00e4ksi laillisuuskasvatukseksi. Videoiden avulla h\u00e4n pyrkii v\u00e4litt\u00e4m\u00e4\u00e4n tietoa rikoksista ja vaikuttamaan tavalla, jolla mahdollisimman harva nuori syyllistyisi rikoksiin.<br><br>Konstaapeli Danielilta on ilmestynyt maaliskuussa 2022 esikoisteos nimelt\u00e4 <em>Konstaapeli Daniel t\u00e4ss\u00e4, moro!<\/em>. Kirjassa on esimerkkitarinoita nuorille tutuista aiheista, kuten suhdekriiseist\u00e4, bileillan k\u00e4mmeist\u00e4 ja kaveriporukoiden p\u00e4\u00e4h\u00e4npistoista. Lis\u00e4ksi Kalejaiye avaa kirjassaan ajatuksiaan ja kokemuksiaan muun muassa nettik\u00e4ytt\u00e4ytymisest\u00e4, rasismista, mopon viritt\u00e4misest\u00e4, groomingista ja onnettomuuspaikalla kuvaamisesta.<br><br>Konstaapeli Daniel Kalejaiye n\u00e4hd\u00e4\u00e4n Kirjalitan Maailma kyn\u00e4ss\u00e4 -ty\u00f6pajap\u00e4iv\u00e4ss\u00e4 <strong>lauantaina 12.11. klo 13-13.45 nuorten kulttuurikeskus Monitoimitalo 13:ssa<\/strong>.<\/p>\n\n\n\n<p><\/p>\n\n\n\n<hr class=\"wp-block-separator has-alpha-channel-opacity\"\/>\n\n\n\n<h4 class=\"wp-block-heading\">Tero Hiekkalinna<\/h4>\n\n\n<div class=\"wp-block-image\">\n<figure class=\"alignright size-medium\"><a href=\"https:\/\/kirjalitta.fi\/kirjalitta\/wp-content\/uploads\/2022\/10\/Tero-hiekkalinna-1.jpg\"><img loading=\"lazy\" decoding=\"async\" width=\"300\" height=\"225\" src=\"https:\/\/kirjalitta.fi\/kirjalitta\/wp-content\/uploads\/2022\/10\/Tero-hiekkalinna-1-300x225.jpg\" alt=\"\" class=\"wp-image-2812\" srcset=\"https:\/\/kirjalitta.fi\/kirjalitta\/wp-content\/uploads\/2022\/10\/Tero-hiekkalinna-1-300x225.jpg 300w, https:\/\/kirjalitta.fi\/kirjalitta\/wp-content\/uploads\/2022\/10\/Tero-hiekkalinna-1-1024x768.jpg 1024w, https:\/\/kirjalitta.fi\/kirjalitta\/wp-content\/uploads\/2022\/10\/Tero-hiekkalinna-1-768x576.jpg 768w, https:\/\/kirjalitta.fi\/kirjalitta\/wp-content\/uploads\/2022\/10\/Tero-hiekkalinna-1-1536x1152.jpg 1536w, https:\/\/kirjalitta.fi\/kirjalitta\/wp-content\/uploads\/2022\/10\/Tero-hiekkalinna-1.jpg 1600w\" sizes=\"auto, (max-width: 300px) 100vw, 300px\" \/><\/a><\/figure><\/div>\n\n\n<p class=\"has-small-font-size\">Tero Hiekkalinna on Kainuusta kotoisin oleva ja t\u00e4ll\u00e4 hetkell\u00e4 p\u00e4\u00e4kaupunkiseudulla asuva aktiivinen t\u00e4htiharrastaja, joka on omistautunut t\u00e4htitaivaan tarkkailun lis\u00e4ksi kaukaisten kohteiden valokuvaamiseen. Ty\u00f6kseen Hiekkalinna kehitt\u00e4\u00e4 ohjelmistoja perinn\u00f6llisyystieteen tutkimukseen, t\u00e4m\u00e4n lis\u00e4ksi h\u00e4n toimii Pikku Kakkosen uuden syksyll\u00e4 2022 ensiesityksens\u00e4 saavan t\u00e4htitiedesarjan k\u00e4sikirjoituksen faktantarkastajana. H\u00e4n on harrastanut t\u00e4htikuvausta jo l\u00e4hes kymmenen vuotta, ja h\u00e4n on kirjoittanut kolme suosittua avaruuskirjaa lapsille; <em>Tutkimusmatka avaruuteen <\/em>(2018), <em>Rakettimatka avaruuteen<\/em> (2019) ja <em>Avaruuden arvoituksia<\/em> (2020). \u201dKaukoputkimiehen\u00e4\u201d tunnettu Hiekkalinna on pit\u00e4\u00e4 suurta suosiota saaneita t\u00e4htiesityksi\u00e4 niin p\u00e4iv\u00e4kodeissa kuin ala-asteilla.<\/p>\n\n\n\n<p class=\"has-small-font-size\">Tero Hiekkalinnan pit\u00e4m\u00e4 Tutkimusmatka avaruuteen -t\u00e4htiesitys n\u00e4hd\u00e4\u00e4n Kirjalitan Maailma kyn\u00e4ss\u00e4 -ty\u00f6pajap\u00e4iv\u00e4s\u00e4\u00e4 <strong>lauantaina 12.11. klo 14-15 nuorten kulttuurikeskus Monitoimitalo 13:ssa<\/strong>.<\/p>\n\n\n\n<p class=\"has-small-font-size\">Yhteisty\u00f6ss\u00e4 Suomen tietokirjailijat ry.<\/p>\n\n\n\n<p><\/p>\n\n\n\n<hr class=\"wp-block-separator has-alpha-channel-opacity\"\/>\n","protected":false},"excerpt":{"rendered":"<p>Miina Supinen ja Anni Nyk\u00e4nen Miina Supinen on kirjailija, toimittaja ja luovan kirjoittamisen opettaja. H\u00e4n on kirjoittanut kirjoja niin lapsille kuin aikuisillekin, joista lyhytproosateos Apatosauruksen maa oli Runeberg-palkintoehdokkaana vuonna 2010. Anni Nyk\u00e4nen on Turussa asuva sarjakuvataiteilija, kuvittaja, graafinen suunnittelija sek\u00e4 animaattori, jonka kuvitusten sielun piilee niiden huumorissa, v\u00e4rikyll\u00e4isyydess\u00e4 sek\u00e4 sarjakuvallisessa [&hellip;]<\/p>\n","protected":false},"author":3,"featured_media":0,"parent":0,"menu_order":0,"comment_status":"closed","ping_status":"closed","template":"","meta":{"_themeisle_gutenberg_block_has_review":false,"footnotes":""},"class_list":["post-2748","page","type-page","status-publish","hentry"],"_links":{"self":[{"href":"https:\/\/kirjalitta.fi\/kirjalitta\/wp-json\/wp\/v2\/pages\/2748","targetHints":{"allow":["GET"]}}],"collection":[{"href":"https:\/\/kirjalitta.fi\/kirjalitta\/wp-json\/wp\/v2\/pages"}],"about":[{"href":"https:\/\/kirjalitta.fi\/kirjalitta\/wp-json\/wp\/v2\/types\/page"}],"author":[{"embeddable":true,"href":"https:\/\/kirjalitta.fi\/kirjalitta\/wp-json\/wp\/v2\/users\/3"}],"replies":[{"embeddable":true,"href":"https:\/\/kirjalitta.fi\/kirjalitta\/wp-json\/wp\/v2\/comments?post=2748"}],"version-history":[{"count":45,"href":"https:\/\/kirjalitta.fi\/kirjalitta\/wp-json\/wp\/v2\/pages\/2748\/revisions"}],"predecessor-version":[{"id":3038,"href":"https:\/\/kirjalitta.fi\/kirjalitta\/wp-json\/wp\/v2\/pages\/2748\/revisions\/3038"}],"wp:attachment":[{"href":"https:\/\/kirjalitta.fi\/kirjalitta\/wp-json\/wp\/v2\/media?parent=2748"}],"curies":[{"name":"wp","href":"https:\/\/api.w.org\/{rel}","templated":true}]}}