{"id":2048,"date":"2021-09-30T11:58:20","date_gmt":"2021-09-30T08:58:20","guid":{"rendered":"http:\/\/kirjalitta.fi\/?page_id=2048"},"modified":"2021-11-04T10:28:00","modified_gmt":"2021-11-04T08:28:00","slug":"ohjelma2021","status":"publish","type":"page","link":"https:\/\/kirjalitta.fi\/kirjalitta\/ohjelma2021\/","title":{"rendered":"Viikon ohjelma 2021"},"content":{"rendered":"\n<figure class=\"wp-block-image size-large\"><img loading=\"lazy\" decoding=\"async\" width=\"1024\" height=\"576\" src=\"https:\/\/kirjalitta.fi\/wp-content\/uploads\/2021\/09\/kirjalitta21_banneri_B-1024x576.jpg\" alt=\"\" class=\"wp-image-2052\" srcset=\"https:\/\/kirjalitta.fi\/kirjalitta\/wp-content\/uploads\/2021\/09\/kirjalitta21_banneri_B-1024x576.jpg 1024w, https:\/\/kirjalitta.fi\/kirjalitta\/wp-content\/uploads\/2021\/09\/kirjalitta21_banneri_B-300x169.jpg 300w, https:\/\/kirjalitta.fi\/kirjalitta\/wp-content\/uploads\/2021\/09\/kirjalitta21_banneri_B-768x432.jpg 768w, https:\/\/kirjalitta.fi\/kirjalitta\/wp-content\/uploads\/2021\/09\/kirjalitta21_banneri_B-1536x864.jpg 1536w, https:\/\/kirjalitta.fi\/kirjalitta\/wp-content\/uploads\/2021\/09\/kirjalitta21_banneri_B.jpg 1920w\" sizes=\"auto, (max-width: 1024px) 100vw, 1024px\" \/><figcaption>Kuva: Jani Ikonen, 2021.<\/figcaption><\/figure>\n\n\n\n<h2 class=\"has-text-align-center wp-block-heading\" id=\"block-68714013-4149-4e60-9e29-03b01b0c5ce6\"><span class=\"has-inline-color has-black-color\"><strong>KIRJALITTA-VIIKON OHJELMA<\/strong><br><strong>8.-14.11.2021<\/strong><\/span><\/h2>\n\n\n\n<h4 class=\"wp-block-heading\"><strong><span class=\"has-inline-color has-black-color\">Maanantai 8.11.<\/span><\/strong><\/h4>\n\n\n\n<h6 class=\"wp-block-heading\"><span class=\"has-inline-color has-black-color\"><strong>Klo 10:00<\/strong><br><strong>Metso Studion kirjailijavieraana  Hannele Lampela<\/strong><\/span><\/h6>\n\n\n\n<div class=\"wp-block-group\"><div class=\"wp-block-group__inner-container is-layout-flow wp-block-group-is-layout-flow\">\n<p>\ud83d\udccd P\u00e4\u00e4kirjasto Metso (liveyleis\u00f6paikat arvotaan tamperelaisten alakoululuokkien kesken*)<br>\ud83d\udccd Metso Studion livestream <a rel=\"noreferrer noopener\" href=\"https:\/\/play.quickchannel.com\/play\/u4vkp4p\" target=\"_blank\">Tampereen kanavalla (linkki avautuu uuteen v\u00e4lilehteen)<\/a><\/p>\n<\/div><\/div>\n\n\n\n<p><strong>Hannele Lampela<\/strong> on erityisesti <em>Prinsessa Pikkiriikin<\/em>, <em>Talventaian tarinoiden <\/em>ja <em>Tarinoiden aapisen<\/em> hurmaavista kertomuksista tunnettu lasten- ja nuortenkirjailija. <\/p>\n\n\n\n<p><sub>*Tietoa arvonnasta l\u00e4hetet\u00e4\u00e4n s\u00e4hk\u00f6postitse suoraan tamperelaisten alakoulujen opettajille<\/sub>.<\/p>\n\n\n\n<h4 class=\"has-black-color has-text-color wp-block-heading\" id=\"block-b5dbf5e4-7e7d-46c8-ad91-fb739440e05c\"><strong>Tiistai 9.11.<\/strong><\/h4>\n\n\n\n<h6 class=\"wp-block-heading\" id=\"block-cfe90e1d-127a-4edf-95f9-f93e01383eb0\"><span class=\"has-inline-color has-black-color\"><strong>Klo 9:00<\/strong><br><strong>Kirjaviisaat\u2013kirjatietokilpailun finaali<\/strong><\/span><\/h6>\n\n\n\n<p id=\"block-cfe90e1d-127a-4edf-95f9-f93e01383eb0\">\ud83d\udccd <span class=\"has-inline-color has-black-color\">P\u00e4\u00e4kirjasto Metso, Kuusi-sali (rajatulle yleis\u00f6lle)<br>\ud83d\udccd<\/span> <span class=\"has-inline-color has-black-color\">Livestream Tampereen Mediakoulun Koulukanavalla (vapaasti kaikkien katsottavissa, linkki tulee t\u00e4h\u00e4n)<\/span><\/p>\n\n\n\n<p id=\"block-b9170fcf-c3ef-47a0-9018-6894e75ad947\">Kirjaviisaat on kirjatietokilpailu tamperelaisille viidesluokkalaisille. Kilpailukysymykset pohjautuvat Pirkanmaan lukudiplomin viidennen luokan kirjoihin. Kilpailun finaalissa Kirjaviisaat-mestaruudesta kisaavat alkukarsinnan nelj\u00e4 parasta luokkaa kolmihenkisin joukkuein. Kirjaviisaat-finaalia voi seurata <a href=\"https:\/\/video.ibm.com\/channel\/L5DeB5vJ9fw\">Tampereen Mediakoulun Koulukanavalla.<\/a><br><br><a href=\"https:\/\/kirjalitta.fi\/kirjaviisaat\/\">Lue lis\u00e4\u00e4 Kirjaviisaat-tietokilpailusta. <\/a><\/p>\n\n\n\n<h6 class=\"wp-block-heading\" id=\"block-d67845e6-35b3-451d-aa6b-120f8fd47d81\"><span class=\"has-inline-color has-black-color\"><strong>Klo 10:15<\/strong><br><strong>Metso Studion kirjailijavieraana Vuokko Hurme<\/strong><\/span><\/h6>\n\n\n\n<p id=\"block-d67845e6-35b3-451d-aa6b-120f8fd47d81\">\ud83d\udccd <span class=\"has-inline-color has-black-color\">P\u00e4\u00e4kirjasto Metso, Lehmus-sali (liveyleis\u00f6paikat arvotaan tamperelaisten alakoululuokkien kesken*)<br>\ud83d\udccd<\/span> <span class=\"has-inline-color has-black-color\">Metso Studion livestream <a href=\"https:\/\/play.quickchannel.com\/play\/g9pk17a\" target=\"_blank\" rel=\"noreferrer noopener\">Tampereen kanavalla (linkki avautuu uuteen v\u00e4lilehteen)<\/a><\/span><br><br><strong>Vuokko Hurme<\/strong> on helsinkil\u00e4inen lastenkirjailija. H\u00e4nen tuotantoonsa kuuluu lasten tietokirjoja, kuvakirjoja ja romaaneja. Kouluik\u00e4isille lukijoille Vuokko Hurme on tullut tutuksi <em>Huimaa<\/em>&#8211; ja <em>V\u00e4rikk\u00e4\u00e4t<\/em> -sarjoistaan.<\/p>\n\n\n\n<p><sub>*Tietoa arvonnasta l\u00e4hetet\u00e4\u00e4n s\u00e4hk\u00f6postitse suoraan tamperelaisten alakoulujen opettajille<\/sub>.<\/p>\n\n\n\n<h6 class=\"wp-block-heading\" id=\"block-d67845e6-35b3-451d-aa6b-120f8fd47d81\"><span class=\"has-inline-color has-black-color\"><strong>Klo 9:30-13:15<\/strong><br><strong>Sanataideyhdistys Y\u00f6st\u00e4j\u00e4n Kauhuakatemia-sanataidepajat<\/strong><\/span><\/h6>\n\n\n\n<p id=\"block-d67845e6-35b3-451d-aa6b-120f8fd47d81\">\ud83d\udccd <span class=\"has-inline-color has-black-color\">P\u00e4\u00e4kirjasto Metso, Satuhuone <\/span>(ty\u00f6pajapaikat arvotaan tamperelaisten alakoululuokkien kesken.*)<\/p>\n\n\n\n<p>Sanataideyhdistys Y\u00f6st\u00e4j\u00e4n j\u00e4nnitt\u00e4v\u00e4t Kauhuakatemia-sanataidepajat koululaisille. Kauhuakatemiassa keksit\u00e4\u00e4n omia hirvi\u00f6it\u00e4, taikaliemi\u00e4 ja karmivia ruokalistoja kalmankalpeiden opettajien johdolla. Hyyt\u00e4vien teht\u00e4vien avulla tutustutaan kauhukirjallisuuden aineksiin sek\u00e4 koetellaan rohkeutta kirjoittamalla aivan hirveit\u00e4 tekstej\u00e4. Palkintona sisukkuudesta jaetaan kauhuakatemian todistus.<\/p>\n\n\n\n<p><sub>*Tietoa arvonnasta l\u00e4hetet\u00e4\u00e4n s\u00e4hk\u00f6postitse suoraan tamperelaisten alakoulujen opettajille<\/sub>.<\/p>\n\n\n\n<h4 class=\"wp-block-heading\" id=\"block-d67845e6-35b3-451d-aa6b-120f8fd47d81\"><strong><span class=\"has-inline-color has-black-color\">Keskiviikko 10.11.<\/span><\/strong><\/h4>\n\n\n\n<h6 class=\"wp-block-heading\" id=\"block-545ac3e0-3abf-49df-adf4-253074e2ec2e\"><strong><span class=\"has-inline-color has-black-color\">Klo 18:00\u201320:00<br>ILTASADUN AIKA! Iltasatutapahtuma koko perheelle<\/span><\/strong><\/h6>\n\n\n\n<p id=\"block-545ac3e0-3abf-49df-adf4-253074e2ec2e\">\ud83d\udccd<span class=\"has-inline-color has-black-color\">Lastenkulttuurikeskus Rulla, Kulttuuritalo Laikku, Keskustori 4<\/span><\/p>\n\n\n\n<p>Ihasteltu iltasatutapahtuma on t\u00e4\u00e4ll\u00e4 taas! Tarinoiden yst\u00e4v\u00e4t kokoontuvat j\u00e4lleen marraskuisen illan h\u00e4myyn sanataiteen \u00e4\u00e4relle Lastenkulttuurikeskus Rullaan. Ohjelmassa on tarinoita, loruja, kirjavinkkej\u00e4, musiikkia ja sanataidety\u00f6pajoja. Illan kunniavieraana on&nbsp; lastenkirjailija ja sanataideopettaja <strong>Maami Snellman<\/strong>.<\/p>\n\n\n\n<p>Kaikille vieraille on tarjolla iltapuuroa. Tervetuloa saapumaan my\u00f6s y\u00f6puvussa! Yleis\u00f6n kesken arvotaan illan kirjailijavieraan kirjoja.<\/p>\n\n\n\n<p>Tapahtumaan on ennakkoilmoittautuminen. Ilmoittautuminen alkaa  27.10. Lastenkulttuurikeskus Rullan nettisivuilla. Tapahtumaa suositellaan ensisijaisesti 4\u201310-vuotiaille.<\/p>\n\n\n\n<p><a href=\"https:\/\/vello.fi\/tampereenkaupunki-museoidenajanvaraus\/lastenkulttuurikeskus-rulla\">Ilmoittaudu t\u00e4st\u00e4 linkist\u00e4.<\/a><\/p>\n\n\n\n<h6 class=\"wp-block-heading\"><span class=\"has-inline-color has-black-color\"><strong>Klo 18:00-20:00<\/strong><\/span><br><span class=\"has-inline-color has-black-color\"><strong>LaNu Roosalupi<\/strong> <\/span><\/h6>\n\n\n\n<p>\ud83d\udccd <span class=\"has-inline-color has-black-color\">Kahvila Laikku<\/span>, <span class=\"has-inline-color has-black-color\">Kulttuuritalo Laikku, Keskustori 4<\/span><\/p>\n\n\n\n<p>Pirkkalaiskirjailijoiden j\u00e4rjest\u00e4m\u00e4 LaNu-teemainen Roosalupi j\u00e4rjestet\u00e4\u00e4n Kahvila Laikussa keskiviikkona 10.11. klo 18.00-20.00. Vieraina kirjailijat <strong>J.S. Meresmaa<\/strong> ja <strong>JP Koskinen<\/strong>. Haastattelijoina <strong>Dess Terentjeva<\/strong> ja <strong>Taru Kumara-Moisio<\/strong>. Tilaisuuden juontaa <strong>Kirsti Kuronen<\/strong>. Tervetuloa kuuntelemaan ja keskustelemaan!<\/p>\n\n\n\n<p>Tilaisuudessa j\u00e4rjestet\u00e4\u00e4n arvonta, jonka palkintona on esiintyjien teoksia. Illan aikana on my\u00f6s mahdollisuus ostaa esiintyjien tuotantoa. Myynnist\u00e4 vastaa Akateeminen kirjakauppa.<\/p>\n\n\n\n<h6 class=\"wp-block-heading\"><br><strong>Klo 14:00-18:00<br>Kirjalitan Kirjabasaari<\/strong><\/h6>\n\n\n\n<p>\ud83d\udccd Lastenkirjainstituutti, Puutarhakatu 11 A<\/p>\n\n\n\n<p><strong>Tule tekem\u00e4\u00e4n l\u00f6yt\u00f6j\u00e4 Kirjalitan kirjabasaariin!<\/strong><\/p>\n\n\n\n<p>Lastenkirjainstituutissa j\u00e4rjestet\u00e4\u00e4n Kirjalitan kirjabasaari 10.\u201311.11.2021 klo 14\u201318. Basaarissa myyd\u00e4\u00e4n kirjaston kokoelmista poistettuja tai muuten ylim\u00e4\u00e4r\u00e4isi\u00e4 lasten- ja nuortenkirjoja, sarjakuvia ja tutkimuskirjallisuutta. Hinnat alkaen 1 \u20ac. <br><br>Myynniss\u00e4 on my\u00f6s Lastenkirjainstituutin uutuustuotteita: Emilia-paperinukke, Mimosa-kangaskassi sek\u00e4 Camilla Mickwitz -kortteja.<\/p>\n\n\n\n<h4 class=\"wp-block-heading\" id=\"block-fb7a8c32-ee4c-4b48-b732-c4db4b3ba69d\"><strong><span class=\"has-inline-color has-black-color\">Torstai 11.11.<\/span><\/strong><\/h4>\n\n\n\n<h6 class=\"wp-block-heading\"><span class=\"has-inline-color has-black-color\"><strong>Klo 13:00<\/strong><br><strong>Metso Studion kirjailijavieraina Riina ja Sami Kaarla<\/strong><\/span><\/h6>\n\n\n\n<p><span class=\"has-inline-color has-black-color\">\ud83d\udccd P\u00e4\u00e4kirjasto Metso (liveyleis\u00f6paikat arvotaan tamperelaisten alakoululuokkien kesken.*)<br>\ud83d\udccd Metso Studion livestream <\/span><a href=\"https:\/\/play.quickchannel.com\/play\/xbyct59\"><span class=\"has-inline-color has-black-color\">Tampereen kanavalla <\/span>(linkki avautuu uuteen v\u00e4lilehteen)<\/a><\/p>\n\n\n\n<p><strong>Riina<\/strong> ja<strong> Sami Kaarla <\/strong>ovat kirjailija- ja graafikkopariskunta. Heid\u00e4t tunnetaan lukuisista muumikirjoistaan sek\u00e4 <em>Arttu Tirttu<\/em>&#8211; ja <em>Pet Agents <\/em>-sarjoistaan. <\/p>\n\n\n\n<p><sub>*Tietoa arvonnasta l\u00e4hetet\u00e4\u00e4n s\u00e4hk\u00f6postitse suoraan tamperelaisten alakoulujen opettajille<\/sub>.<\/p>\n\n\n\n<h6 class=\"wp-block-heading\"><strong><span class=\"has-inline-color has-black-color\">Kirjalitan kirjailijavieraana Anne Leinonen<\/span><\/strong><\/h6>\n\n\n\n<p id=\"block-2e21fd63-d565-41ee-9ad1-0cf1ae1c03f5\">Kirjailija <strong>Anne Leinonen<\/strong> esiintyy Tampereen ty\u00f6v\u00e4enopiston lasten ja nuorten sanataidekoulun ryhmille.<\/p>\n\n\n\n<p>Anne Leinonen on palkittu kirjoittaja ja toimittaja. H\u00e4n liikkuu sujuvasti fantasian laajalla kent\u00e4ll\u00e4 ja sekoittaa eri tyylilajeja toisiinsa. Leinosen tuotantoon kuuluu useita yhteisty\u00f6ss\u00e4 kirjoitettuja teoksia sek\u00e4 omia novellikokoelmia ja romaaneja.\u00a0<\/p>\n\n\n\n<h6 class=\"wp-block-heading\"><br><strong>Klo 14:00-18:00<br>Kirjalitan Kirjabasaari<\/strong><\/h6>\n\n\n\n<p>\ud83d\udccd Lastenkirjainstituutti, Puutarhakatu 11 A<\/p>\n\n\n\n<p><strong>Tule tekem\u00e4\u00e4n l\u00f6yt\u00f6j\u00e4 Kirjalitan kirjabasaariin!<\/strong><\/p>\n\n\n\n<p>Lastenkirjainstituutissa j\u00e4rjestet\u00e4\u00e4n Kirjalitan kirjabasaari 10.\u201311.11.2021 klo 14\u201318. Basaarissa myyd\u00e4\u00e4n kirjaston kokoelmista poistettuja tai muuten ylim\u00e4\u00e4r\u00e4isi\u00e4 lasten- ja nuortenkirjoja, sarjakuvia ja tutkimuskirjallisuutta. Hinnat alkaen 1 \u20ac. <br><br>Myynniss\u00e4 on my\u00f6s Lastenkirjainstituutin uutuustuotteita: Emilia-paperinukke, Mimosa-kangaskassi sek\u00e4 Camilla Mickwitz -kortteja.<\/p>\n\n\n\n<h4 class=\"wp-block-heading\"><strong><span class=\"has-inline-color has-black-color\">Perjantai 12.11.<\/span><\/strong><\/h4>\n\n\n\n<h6 class=\"wp-block-heading\"><span class=\"has-inline-color has-black-color\"><strong>Klo 10:00<\/strong><br><strong>Metso Studion kirjailijavieraana Paula Noronen<\/strong><\/span><\/h6>\n\n\n\n<p><span class=\"has-inline-color has-black-color\">\ud83d\udccd P\u00e4\u00e4kirjasto Metso (liveyleis\u00f6paikat arvotaan tamperelaisten alakoululuokkien kesken.*)<br>\ud83d\udccd Metso Studion livestream <a href=\"https:\/\/play.quickchannel.com\/play\/wegqc6s\" target=\"_blank\" rel=\"noreferrer noopener\">Tampereen kanavalla (linkki avautuu uuteen v\u00e4lilehteen)<\/a><\/span><\/p>\n\n\n\n<p>Helsinkil\u00e4inen <strong>Paula Noronen<\/strong> on huumoriin erikoistunut kirjailija, tv-persoona ja k\u00e4sikirjoittaja. H\u00e4nen suosituista <em>Supermarsu<\/em>\u2013 ja <em>Y\u00f6koulu<\/em>-lastenkirjasarjoistaan nauttivat kaikenik\u00e4iset huumorin yst\u00e4v\u00e4t.<\/p>\n\n\n\n<p><sub>*Tietoa arvonnasta l\u00e4hetet\u00e4\u00e4n s\u00e4hk\u00f6postitse suoraan tamperelaisten alakoulujen opettajille<\/sub>.<\/p>\n\n\n\n<h6 class=\"wp-block-heading\" id=\"block-b9eb3db4-aefb-411e-a8e9-5a1113486cd0\"><span class=\"has-inline-color has-black-color\"><strong>Klo 18:00<\/strong><br><strong>Harry Potter -et\u00e4tietovisa<\/strong><\/span><\/h6>\n\n\n\n<p id=\"block-229d80ef-d033-4b41-997a-71f89da5c0ab\">Harry Potter -aiheinen tietovisa kaikille j\u00e4steille, noidille ja velhoille tulee taas oudompana kuin koskaan! Teemana visassa on kaikenlainen outo ja kumma Harry Potter -kirjasaagassa.  Kysymykset ovat ainoastaan Harry Potter -kirjoista. Visan arvioitu kesto on 1,5 tuntia.<\/p>\n\n\n\n<p id=\"block-229d80ef-d033-4b41-997a-71f89da5c0ab\">Tietovisa j\u00e4rjestet\u00e4\u00e4n Teamsissa. Visaan voi osallistua 1-5 henkil\u00f6n joukkueena. Joukkueen kannattaa olla saman koneen \u00e4\u00e4rell\u00e4. Kannustamme osallistujia pukeutumaan teeman mukaisesti. Visan v\u00e4liajalla on luvassa HP-aiheista jutustelua ja halukkailla on mahdollisuus asujensa esittelyyn. Luvassa Harry Potter -aiheisia palkintoja!<\/p>\n\n\n\n<p>Tapahtumaan on ennakkoilmoittautuminen, joka alkaa ma 11.10. ja p\u00e4\u00e4ttyy to 11.11. klo 20. Ilmoittaudu t\u00e4st\u00e4 linkist\u00e4: <a href=\"https:\/\/link.webropol.com\/ep\/hpvisa\">https:\/\/link.webropol.com\/ep\/hpvisa<\/a><\/p>\n\n\n\n<p>Ilmoittautuneet saavat s\u00e4hk\u00f6postitse osallistumislinkin ja -ohjeet.<\/p>\n\n\n\n<p>Yhteisty\u00f6ss\u00e4 <strong>Tammi<\/strong>-kustantamo.<\/p>\n\n\n\n<h4 class=\"wp-block-heading\" id=\"block-bb581c07-8633-4192-bfb7-8da43f0053be\"><strong><span class=\"has-inline-color has-black-color\">Lauantai 13.11.<\/span><\/strong><\/h4>\n\n\n\n<h6 class=\"wp-block-heading\" id=\"block-a0aed266-3a45-4811-ad6c-2a3e0141b188\"><span class=\"has-inline-color has-black-color\"><strong>Klo 11:00-16:15<\/strong><br><strong>Kirjalitan p\u00e4\u00e4tapahtuma: Kummien juttujen ty\u00f6pajap\u00e4iv\u00e4<\/strong><\/span><\/h6>\n\n\n\n<p id=\"block-a0aed266-3a45-4811-ad6c-2a3e0141b188\">\ud83d\udccd <span class=\"has-inline-color has-black-color\">Nuorten kulttuurikeskus Monitoimitalo 13, Pellavatehtaankatu 4<\/span><\/p>\n\n\n\n<p id=\"block-10c34116-4cfa-4b8d-99f5-0bd971923fa8\">Kirjalitan p\u00e4\u00e4tapahtuma j\u00e4rjestet\u00e4\u00e4n j\u00e4lleen ty\u00f6pajap\u00e4iv\u00e4n\u00e4 Monitoimitalo 13:ssa lauantaina 13.11. klo 11.00-16.15. Tapahtumassa sukelletaan kummallisuuksien maailmaan, jossa voit kesytt\u00e4\u00e4 m\u00f6rk\u00f6j\u00e4, tutustua kammologiaan, osallistua Salasaaren Salapajaan, bongata \u00e4mmink\u00e4isi\u00e4, tehd\u00e4 optisia illuusioita ja taikatemppuja sek\u00e4 tutkia erilaisia limoja. Kummallisia ty\u00f6pajoja ohjaavat kirjailija ja k\u00e4sikirjoittaja <strong>Silja Sillanp\u00e4\u00e4<\/strong>, tietokirjailija <strong>Reetta Niemel\u00e4<\/strong>, kirjailija <strong>Jade Haapasalo<\/strong> ja kuvittaja <strong>Martin Bonke<\/strong>, kirjailija ja kuvittaja <strong>Tuomas K\u00e4rkk\u00e4inen<\/strong> sek\u00e4 tiedekeskus Tiedeka, k\u00e4sity\u00f6- ja muotoilukoulu N\u00e4ps\u00e4, Monitoimitalo 13 ja Sanataideyhdistys Y\u00f6st\u00e4j\u00e4.<\/p>\n\n\n\n<p>Tapahtumassa voit vierailla Sanataideyhdistys Y\u00f6st\u00e4j\u00e4n Kummallisuuksien kaupassa, kirjailija <strong>Pia Krutsinin<\/strong> ja kuvittaja <strong>Jani Ikosen<\/strong> Kaupunki Kukaties -nonstop-pisteell\u00e4 sek\u00e4 kurkistaa uuteen kirjastoauto Kosmokseen ja lainata itsellesi kummaa luettavaa. Tapahtuman huipentaa tulitaideyhdistys Flamman ja n\u00e4yttelij\u00e4 Emilia Pokkisen tuli- runoshow klo 16.<\/p>\n\n\n\n<p id=\"block-9a508c88-de64-4a9c-8ab5-a7d22e341865\">Ty\u00f6pajoihin on ennakkoilmoittautuminen.<\/p>\n\n\n\n<p id=\"block-9a508c88-de64-4a9c-8ab5-a7d22e341865\"><a href=\"https:\/\/kirjalitta.fi\/kummien-juttujen-tyopajapaiva\/\">Tutustu ty\u00f6pajap\u00e4iv\u00e4n aikatauluun ja ilmoittaudu mukaan.<\/a><\/p>\n\n\n\n<p id=\"block-9a508c88-de64-4a9c-8ab5-a7d22e341865\">Voit ilmoittautua yhteen tai useampaan ty\u00f6pajaan. Ty\u00f6pajat rajataan koronarajoitusten mukaiselle osallistujam\u00e4\u00e4r\u00e4lle, ja niiss\u00e4 noudatetaan voimassa olevia rajoituksia.<\/p>\n\n\n\n<p><\/p>\n\n\n\n<h4 class=\"wp-block-heading\" id=\"block-9a508c88-de64-4a9c-8ab5-a7d22e341865\"><span class=\"has-inline-color has-black-color\"><strong>Koko viikon kest\u00e4v\u00e4t tapahtumat ja n\u00e4yttelyt<\/strong><\/span><\/h4>\n\n\n\n<h6 class=\"wp-block-heading\" id=\"block-224f04e1-6c06-44dc-975d-07c6d66069eb\"><span class=\"has-inline-color has-black-color\"><strong>Nuoret kirjoittavat kaupunkia -n\u00e4yttely 8.-14.11.2021<\/strong><\/span><\/h6>\n\n\n\n<p id=\"block-adaf4b98-66a6-4bbe-8693-31ecf492e7f0\">Sanataideyhdistys Y\u00f6st\u00e4j\u00e4 on koonnut 9\u201318-vuotiaiden sanataideoppilaiden teksteist\u00e4 n\u00e4yttelyn, jonka teemana on t\u00e4n\u00e4 vuonna \u201dKummallinen kaupunki\u201d. Nuoret kirjoittavat kaupunkia -n\u00e4yttely nostaa vuosittain esiin lasten ja nuorten tekijyytt\u00e4 ja sanataideharrastusta sek\u00e4 el\u00e4v\u00f6itt\u00e4\u00e4 kaupunkitilaa.<\/p>\n\n\n\n<p id=\"block-cb0b0891-0906-450c-ba5f-ce2e51f2f422\">N\u00e4yttelyn tekstej\u00e4 l\u00f6yd\u00e4t t\u00e4n\u00e4 vuonna ainakin Patosillalta, Pikku Kakkosen puistosta, Tammerin puistosta, Kehr\u00e4saaren sillalta, Metsosta ja Monitoimitalo 13:sta.<\/p>\n\n\n\n<p id=\"block-7e277fc3-a09a-4ebe-ab54-0ecdd22e9b58\">N\u00e4yttely koostuu Tampereen seudun ty\u00f6v\u00e4enopiston lasten ja nuorten sanataidekoulun oppilaiden teksteist\u00e4. N\u00e4yttelyss\u00e4 ovat mukana sanataideryhm\u00e4t Rapina (9\u201311-vuotiaat), Sihin\u00e4 (9\u201311-vuotiaat), Supina (12\u201314-vuotiaat) ja Kuiske (15\u201317-vuotiaat).<\/p>\n\n\n\n<p id=\"block-930c634e-aceb-47f0-9a89-b59dfda384b8\">Kaikkiin n\u00e4yttelykiinnityksiin on Tampereen kaupungin lupa.<br><\/p>\n\n\n\n<h6 class=\"wp-block-heading\" id=\"block-921d6735-a0d6-41c7-96e4-16dd3382a4c1\"><span class=\"has-inline-color has-black-color\"><strong>Kummallisuuksien kauppa -tekstin\u00e4yttely 8.-21.11.2021<\/strong><\/span><\/h6>\n\n\n\n<p id=\"block-6b5979f8-d49e-4685-9ab0-32c2782cadbf\">Kummallisuuksien kauppa -n\u00e4yttely koostuu tamperelaisille nelj\u00e4sluokkalaisille j\u00e4rjestetyn Kummallisuuksien kauppa -kirjoituskilpailun voittajateksteist\u00e4. <br><br>Voittajateksteist\u00e4 tehdyt julisteet ovat esill\u00e4 Tampereen keskusta-alueella olevissa JCDecaux\u2019n Abribus-mainostauluissa 8.\u201321.11.2021. <\/p>\n\n\n\n<p id=\"block-6b5979f8-d49e-4685-9ab0-32c2782cadbf\">Tekstej\u00e4 on esill\u00e4 my\u00f6s Kirjalitan Ty\u00f6pajap\u00e4iv\u00e4ss\u00e4 Kummallisuuksien kaupassa lauantaina 13.11. Lis\u00e4ksi tekstit julkaistaan Kirjalitan nettisivuilla. <\/p>\n\n\n\n<h6 class=\"wp-block-heading\" id=\"block-6b5979f8-d49e-4685-9ab0-32c2782cadbf\"><span class=\"has-inline-color has-black-color\"><strong>Satujen saaret -n\u00e4yttely 1.11.2021 alkaen<\/strong><\/span><\/h6>\n\n\n\n<p>Satujen saaret -n\u00e4yttely on esill\u00e4 Lastenkirjainstituutissa 1.11. alkaen. N\u00e4yttely esittelee lastenkirjailijoiden ja kuvittajien Jenni Erkintalon ja R\u00e9ka Kir\u00e1ly\u2019in tuotantoa viimeisen kuuden vuoden ajalta. N\u00e4yttelyss\u00e4 on mukana kuvituksia <em>Pieni suuri tarina<\/em> -sarjasta (R\u00e9ka Kir\u00e1ly), <em>Yst\u00e4v\u00e4ni puu \u2013 lasten oma tietokirja<\/em> -teoksesta (Jenni Erkintalo ja R\u00e9ka Kir\u00e1ly) sek\u00e4 <em>Pop pian kotona<\/em> -kirjasta (Jenni Erkintalo ja R\u00e9ka Kir\u00e1ly).  Satujen saarilla uppoudutaan satujen maailmaan lukemalla tarina ja katsomalla kuvituksia. Yhteisty\u00f6ss\u00e4 Liszt-instituutti \u2013 Unkarin kulttuurikeskus ja Etana Editions -kustantamo.<\/p>\n\n\n\n<h4 class=\"wp-block-heading\"><strong><span class=\"has-inline-color has-black-color\">Muu ohjelma<\/span><\/strong><\/h4>\n\n\n\n<h6 class=\"wp-block-heading\"><span class=\"has-inline-color has-black-color\">Kirjoita jos uskallat<\/span><\/h6>\n\n\n\n<p>Kirjalitan ja Haamu kustannuksen kirjoituskilpailu <strong>16.9.-18.10.2021<\/strong>. Kirjoituskilpailussa on kaksi sarjaa: 5.\u20136.-luokkalaisille ja yl\u00e4kouluik\u00e4isille nuorille. <\/p>\n\n\n\n<p>5.\u20136.-luokkalaisten teht\u00e4v\u00e4nanto on kirjoittaa kummitusjuttu, joka liittyy johonkin tuttuun paikkaan. Yl\u00e4koululaisten teht\u00e4v\u00e4nantona taas on kirjoittaa tasan sadan sanan kauhutarina.<\/p>\n\n\n\n<p>Kilpailussa kummankin sarjan voittaja saa palkinnoksi 50 euroa ja kirjoja. Lis\u00e4ksi luvassa on kirjapalkintoja kilpailussa seuraavaksi sijoittuneille. Sijoittuneet saavat henkil\u00f6kohtaisen palautteen tekstist\u00e4\u00e4n<\/p>\n\n\n\n<p><a href=\"https:\/\/kirjalitta.fi\/kirjoitajosuskallat\/\">Lue lis\u00e4\u00e4 kilpailusta.<\/a><\/p>\n","protected":false},"excerpt":{"rendered":"<p>KIRJALITTA-VIIKON OHJELMA8.-14.11.2021 Maanantai 8.11. Klo 10:00Metso Studion kirjailijavieraana Hannele Lampela \ud83d\udccd P\u00e4\u00e4kirjasto Metso (liveyleis\u00f6paikat arvotaan tamperelaisten alakoululuokkien kesken*)\ud83d\udccd Metso Studion livestream Tampereen kanavalla (linkki avautuu uuteen v\u00e4lilehteen) Hannele Lampela on erityisesti Prinsessa Pikkiriikin, Talventaian tarinoiden ja Tarinoiden aapisen hurmaavista kertomuksista tunnettu lasten- ja nuortenkirjailija. *Tietoa arvonnasta l\u00e4hetet\u00e4\u00e4n s\u00e4hk\u00f6postitse suoraan tamperelaisten [&hellip;]<\/p>\n","protected":false},"author":1,"featured_media":2052,"parent":0,"menu_order":0,"comment_status":"closed","ping_status":"closed","template":"","meta":{"_themeisle_gutenberg_block_has_review":false,"footnotes":""},"class_list":["post-2048","page","type-page","status-publish","has-post-thumbnail","hentry"],"_links":{"self":[{"href":"https:\/\/kirjalitta.fi\/kirjalitta\/wp-json\/wp\/v2\/pages\/2048","targetHints":{"allow":["GET"]}}],"collection":[{"href":"https:\/\/kirjalitta.fi\/kirjalitta\/wp-json\/wp\/v2\/pages"}],"about":[{"href":"https:\/\/kirjalitta.fi\/kirjalitta\/wp-json\/wp\/v2\/types\/page"}],"author":[{"embeddable":true,"href":"https:\/\/kirjalitta.fi\/kirjalitta\/wp-json\/wp\/v2\/users\/1"}],"replies":[{"embeddable":true,"href":"https:\/\/kirjalitta.fi\/kirjalitta\/wp-json\/wp\/v2\/comments?post=2048"}],"version-history":[{"count":86,"href":"https:\/\/kirjalitta.fi\/kirjalitta\/wp-json\/wp\/v2\/pages\/2048\/revisions"}],"predecessor-version":[{"id":2411,"href":"https:\/\/kirjalitta.fi\/kirjalitta\/wp-json\/wp\/v2\/pages\/2048\/revisions\/2411"}],"wp:featuredmedia":[{"embeddable":true,"href":"https:\/\/kirjalitta.fi\/kirjalitta\/wp-json\/wp\/v2\/media\/2052"}],"wp:attachment":[{"href":"https:\/\/kirjalitta.fi\/kirjalitta\/wp-json\/wp\/v2\/media?parent=2048"}],"curies":[{"name":"wp","href":"https:\/\/api.w.org\/{rel}","templated":true}]}}