{"id":1837,"date":"2020-10-26T19:30:55","date_gmt":"2020-10-26T17:30:55","guid":{"rendered":"http:\/\/kirjalitta.fi\/?page_id=1837"},"modified":"2020-10-29T15:21:32","modified_gmt":"2020-10-29T13:21:32","slug":"viikon-ohjelma-2020","status":"publish","type":"page","link":"https:\/\/kirjalitta.fi\/kirjalitta\/viikon-ohjelma-2020\/","title":{"rendered":"Viikon ohjelma 2020"},"content":{"rendered":"\n<div class=\"wp-block-image is-style-rounded\"><figure class=\"aligncenter size-large\"><img loading=\"lazy\" decoding=\"async\" width=\"1024\" height=\"478\" src=\"https:\/\/kirjalitta.fi\/kirjalitta\/wp-content\/uploads\/2020\/08\/kirjalitta_nettitausta20_B-1024x478.jpg\" alt=\"\" class=\"wp-image-1731\" srcset=\"https:\/\/kirjalitta.fi\/kirjalitta\/wp-content\/uploads\/2020\/08\/kirjalitta_nettitausta20_B-1024x478.jpg 1024w, https:\/\/kirjalitta.fi\/kirjalitta\/wp-content\/uploads\/2020\/08\/kirjalitta_nettitausta20_B-300x140.jpg 300w, https:\/\/kirjalitta.fi\/kirjalitta\/wp-content\/uploads\/2020\/08\/kirjalitta_nettitausta20_B-768x358.jpg 768w, https:\/\/kirjalitta.fi\/kirjalitta\/wp-content\/uploads\/2020\/08\/kirjalitta_nettitausta20_B.jpg 1500w\" sizes=\"auto, (max-width: 1024px) 100vw, 1024px\" \/><\/figure><\/div>\n\n\n\n<h2 class=\"has-text-align-center wp-block-heading\" id=\"block-68714013-4149-4e60-9e29-03b01b0c5ce6\"><strong>KIRJALITTA-VIIKON OHJELMA<\/strong><br><strong>2.-8.11.2020<\/strong><\/h2>\n\n\n\n<h3 class=\"wp-block-heading\" id=\"block-224f04e1-6c06-44dc-975d-07c6d66069eb\"><br><strong>Nuoret kirjoittavat kaupunkia -n\u00e4yttely 2.11.-8.11.2020<\/strong><\/h3>\n\n\n\n<p id=\"block-adaf4b98-66a6-4bbe-8693-31ecf492e7f0\">Sanataideyhdistys Y\u00f6st\u00e4j\u00e4 on koonnut 9\u201318-vuotiaiden sanataideoppilaiden teksteist\u00e4 n\u00e4yttelyn, jonka teemana on t\u00e4n\u00e4 vuonna \u201dTaikavoimaa tarinoista!\u201d. Nuoret kirjoittavat kaupunkia -n\u00e4yttely nostaa vuosittain esiin lasten ja nuorten tekijyytt\u00e4 ja sanataideharrastusta sek\u00e4 el\u00e4v\u00f6itt\u00e4\u00e4 kaupunkitilaa.<\/p>\n\n\n\n<p id=\"block-cb0b0891-0906-450c-ba5f-ce2e51f2f422\">N\u00e4yttelyn tekstej\u00e4 l\u00f6yd\u00e4t t\u00e4n\u00e4 vuonna Patosillalta, Pikku Kakkosen puistosta, Sorsapuistosta, Kaupin urheilupuiston Kuntokolmoselta, Monitoimitalo 13:sta sek\u00e4 Tammerin puistosta.<\/p>\n\n\n\n<p id=\"block-7e277fc3-a09a-4ebe-ab54-0ecdd22e9b58\">N\u00e4yttely koostuu Tampereen seudun ty\u00f6v\u00e4enopiston lasten ja nuorten sanataidekoulun oppilaiden teksteist\u00e4. N\u00e4yttelyss\u00e4 ovat mukana sanataideryhm\u00e4t Rapina (9\u201311-vuotiaat), Sihin\u00e4 (9\u201311-vuotiaat), Supina (12\u201314-vuotiaat) ja Kuiske (15\u201317-vuotiaat).<\/p>\n\n\n\n<p id=\"block-930c634e-aceb-47f0-9a89-b59dfda384b8\">Kaikkiin n\u00e4yttelykiinnityksiin on Tampereen kaupungin lupa.<br><\/p>\n\n\n\n<h3 class=\"wp-block-heading\" id=\"block-921d6735-a0d6-41c7-96e4-16dd3382a4c1\"><strong>Taikuuden varjolla -tekstin\u00e4yttely 2.-15.11.2020<\/strong><\/h3>\n\n\n\n<p id=\"block-6b5979f8-d49e-4685-9ab0-32c2782cadbf\">N\u00e4yttely koostuu Taikuuden varjolla -kirjoituskilpailun voittajateksteist\u00e4. Kilpailun inspiraatiotekstin \u201dVarjon avunpyynt\u00f6\u201d kirjoitti kirjailija Salla Simukka, ja sanataideharrastajat ymp\u00e4ri Suomea vastasivat avunpyynt\u00f6\u00f6n valitsemallaan tavalla. <br><br>Voittajateksteist\u00e4 tehdyt julisteet ovat esill\u00e4 Tampereen keskusta-alueella olevissa JCDecaux\u2019n Abribus-mainostauluissa 2.11.2020 \u2013 15.11.2020. Lis\u00e4ksi tekstit julkaistaan Kirjalitan nettisivuilla. Kilpailun j\u00e4rjestiv\u00e4t yhteisty\u00f6ss\u00e4 Kirjalitta, Suomen sanataideopetuksen seura ja Taiteen edist\u00e4miskeskus.<\/p>\n\n\n\n<p id=\"block-6b5979f8-d49e-4685-9ab0-32c2782cadbf\"><a href=\"https:\/\/kirjalitta.fi\/kirjalitta-2020-taikavoimaa-tarinoista\/taikuuden-varjolla\/\">Lue lis\u00e4\u00e4 Taikuuden varjolla -kirjoituskilpailusta.<\/a><\/p>\n\n\n\n<h3 class=\"wp-block-heading\" id=\"block-6b5979f8-d49e-4685-9ab0-32c2782cadbf\"><strong>Peppi Pitk\u00e4tossu -n\u00e4yttely<br>2.-19.11.2020<\/strong><\/h3>\n\n\n\n<p>75-vuotiasta Peppi Pitk\u00e4tossua juhlitaan toiminnallisella n\u00e4yttelyll\u00e4 Tampereen p\u00e4\u00e4kirjasto Metson Satuhuoneessa.<\/p>\n\n\n\n<p>T\u00e4n\u00e4 vuonna tulee kuluneeksi 75 vuotta siit\u00e4, kun ensimm\u00e4inen kirja Peppi Pitk\u00e4tossusta julkaistiin Ruotsissa. Siit\u00e4 l\u00e4htien Peppi-kirjoja on julkaistu kaikkialla maailmassa, yhteens\u00e4 77 kielelle k\u00e4\u00e4nnettyn\u00e4. <\/p>\n\n\n\n<p>Vuonna 2020 Peppi\u00e4 juhlitaan ymp\u00e4ri maailman! Osana juhlavuotta Suomen kirjastoissa kiert\u00e4\u00e4 Peppi Pitk\u00e4tossu -n\u00e4yttely, johon kuuluu my\u00f6s askartelunurkkaus.<\/p>\n\n\n\n<p>N\u00e4yttely on avoinna Metson Satuhuoneessa kirjaston aukioloaikoina. Arkisin klo 9-12 n\u00e4yttely on varattu ensisijaisesti p\u00e4iv\u00e4koti- ja kouluryhmille. Kaikkien ryhmien ilmoittautumiset etuk\u00e4teen Metson lastenosastolle, p. 040 653 1988.<\/p>\n\n\n\n<p><a href=\"https:\/\/www.tampere.fi\/tampereen-kaupunki\/ajankohtaista\/tapahtumat\/Raa5Omi55.html.stx\">Lue lis\u00e4\u00e4 Peppi Pitk\u00e4tossu -n\u00e4yttelyst\u00e4.<\/a><\/p>\n\n\n\n<h3 class=\"wp-block-heading\" id=\"block-b5dbf5e4-7e7d-46c8-ad91-fb739440e05c\"><strong>Tiistai 3.11.<\/strong><\/h3>\n\n\n\n<p id=\"block-cfe90e1d-127a-4edf-95f9-f93e01383eb0\"><strong>Klo 9:00<\/strong><br><strong>Kirjaviisaat\u2013kirjatietokilpailu tamperelaisille 5. luokkalaisille<\/strong><\/p>\n\n\n\n<p id=\"block-b9170fcf-c3ef-47a0-9018-6894e75ad947\">Kirjaviisaat on tietokilpailu, joka pohjautuu Pirkanmaan lukudiplomin viidennen luokan kirjoihin. Kilpailuun osallistuneiden luokkien kolmihenkiset joukkueet kilpailevat Kirjaviisaat-mestaruudesta ti 3.11.2020 klo 9. T\u00e4n\u00e4 vuonna Kirjaviisaat-finaalia voit seurata <a href=\"https:\/\/video.ibm.com\/channel\/L5DeB5vJ9fw\">Tampereen Mediakoulun Koulukanavalla.<\/a><br><br><a href=\"https:\/\/kirjalitta.fi\/kirjaviisaat\/\">Lue lis\u00e4\u00e4 Kirjaviisaat-tietokilpailusta. <\/a><br><\/p>\n\n\n\n<p id=\"block-d67845e6-35b3-451d-aa6b-120f8fd47d81\"><strong>Klo 10<\/strong>.<strong>15<\/strong><br><strong>Kirjailija Magdalena Hain LIVE STREAM<\/strong><br><br>Kirjailija Magdalena Hai esiintyy ti 3.11.2020 koululaisille suunnatussa livestriimiss\u00e4 <a href=\"https:\/\/video.ibm.com\/channel\/L5DeB5vJ9fw\">Tampereen Mediakoulun Koulukanavalla.<\/a><br><br>Magdalena Hai on kirjailija, joka rakastaa kummitusjuttuja ja jonka tarinoihin ilmestyy puhuvia demonikissoja ja aurinkoja varastavia lohik\u00e4\u00e4rmeit\u00e4 silloinkin, kun h\u00e4n yritt\u00e4\u00e4 kirjoittaa aivan tavallisista asioista, kuten rakkaudesta ja koulunk\u00e4ynnist\u00e4. <\/p>\n\n\n\n<p id=\"block-d67845e6-35b3-451d-aa6b-120f8fd47d81\">Kaikkiaan 11 kirjaa lapsille ja nuorille kirjoittanut Hai on ollut Finlandia-palkintoehdokkaana ja istunut er\u00e4\u00e4ll\u00e4 kirjamatkallaan yhden adjutantin p\u00e4\u00e4ss\u00e4 Norjan kruununprinssist\u00e4.<\/p>\n\n\n\n<h3 class=\"wp-block-heading\" id=\"block-51dfc8fa-195c-4b36-b166-01d0bd407504\"><br><strong>Keskiviikko 4.11.<\/strong><\/h3>\n\n\n\n<p id=\"block-545ac3e0-3abf-49df-adf4-253074e2ec2e\"><strong>klo 18\u201320<\/strong> <strong>ILTASADUN AIKA! Iltasatutapahtuma koko perheelle<\/strong><br><strong>Lastenkulttuurikeskus Rulla (Hatanp\u00e4\u00e4n valtatie 7, linja-autoaseman rakennus)<\/strong><\/p>\n\n\n\n<p id=\"block-4b3f0234-b50d-4172-8709-32757c254bc2\">Ihasteltu iltasatutapahtuma parin vuoden takaa tekee paluun! Tarinoiden yst\u00e4v\u00e4t kokoontuvat j\u00e4lleen marraskuisen illan h\u00e4myyn sanataiteen \u00e4\u00e4relle Lastenkulttuurikeskus Rullaan. Ohjelmassa on tarinoita, runojumppaa, kirjavinkkej\u00e4, musiikkia ja ty\u00f6pajailua Rullan taianomaisen Mets\u00e4npeitto-n\u00e4yttelyn keskell\u00e4. Illan kunniavieras on Prinsessa Pikkiriikin \u00e4itin\u00e4kin tunnettu lastenkirjailija Hannele Lampela. Tervetuloa saapumaan my\u00f6s y\u00f6puvussa!<\/p>\n\n\n\n<p id=\"block-697de47b-5aff-43a8-b564-b315cd6fedc6\">Tapahtumaan on ennakkoilmoittautuminen. Turvallisen tapahtuman takaamiseksi kutsumme mukaan n. 24 vierasta ilmoittautumisj\u00e4rjestyksess\u00e4. Tapahtumaa suositellaan ensisijaisesti 4\u201310-vuotiaille.<br><br><a href=\"https:\/\/kirjalitta.fi\/iltasadun-aika-2020\/\">Iltasadun aika -tapahtuman esittely ja ilmoittautumisohjeet.<\/a><\/p>\n\n\n\n<h3 class=\"wp-block-heading\" id=\"block-fb7a8c32-ee4c-4b48-b732-c4db4b3ba69d\"><strong>Torstai 5.11.<\/strong><\/h3>\n\n\n\n<p id=\"block-6630e51a-6fe5-4da9-a106-68920ee76591\"><strong>Kirjailijavieraana Terhi Rannela<\/strong><\/p>\n\n\n\n<p id=\"block-2e21fd63-d565-41ee-9ad1-0cf1ae1c03f5\">Kirjailija Terhi Rannela esiintyy Tampereen ty\u00f6v\u00e4enopiston lasten ja nuorten sanataidekoulun ryhmille.<br><\/p>\n\n\n\n<h3 class=\"wp-block-heading\"><strong>Perjantai 6.11.<\/strong><\/h3>\n\n\n\n<p id=\"block-b9eb3db4-aefb-411e-a8e9-5a1113486cd0\"><strong>Klo 18 Harry Potter-tietovisa<\/strong><\/p>\n\n\n\n<p id=\"block-229d80ef-d033-4b41-997a-71f89da5c0ab\">Harry Potter -aiheinen tietovisa kaikille j\u00e4steille, noidille ja velhoille! Kysymykset ainoastaan Harry Potter -kirjoista. Visa j\u00e4rjestet\u00e4\u00e4n Teamsissa.<\/p>\n\n\n\n<p>Tietovisaan voi osallistua 1-5 henkil\u00f6n joukkueena. Joukkueen kannattaa olla saman koneen \u00e4\u00e4rell\u00e4. Kannustamme osallistujia pukeutumaan teeman mukaisesti. Luvassa Harry Potter -aiheisia palkintoja!<\/p>\n\n\n\n<p>Tapahtumaan on ennakkoilmoittautuminen, joka tapahtuu alla olevan linkin kautta.<\/p>\n\n\n\n<p><a href=\"https:\/\/link.webropolsurveys.com\/S\/F70A470862C29B0C\">https:\/\/link.webropolsurveys.com\/S\/F70A470862C29B0C<\/a><\/p>\n\n\n\n<p>Ilmoittautuneet saavat s\u00e4hk\u00f6postitse osallistumislinkin &#8211; ja ohjeet.<\/p>\n\n\n\n<h3 class=\"wp-block-heading\" id=\"block-bb581c07-8633-4192-bfb7-8da43f0053be\"><strong>Lauantai 7.11.<\/strong><\/h3>\n\n\n\n<p id=\"block-a0aed266-3a45-4811-ad6c-2a3e0141b188\"><strong>Klo 11-15 Taikakoulun ty\u00f6pajap\u00e4iv\u00e4<\/strong><br><strong>Nuorten kulttuurikeskus Monitoimitalo 13<\/strong><\/p>\n\n\n\n<p id=\"block-10c34116-4cfa-4b8d-99f5-0bd971923fa8\">Kirjalitan p\u00e4\u00e4tapahtuma j\u00e4rjestet\u00e4\u00e4n t\u00e4n\u00e4 vuonna erityisj\u00e4rjestelyin ty\u00f6pajap\u00e4iv\u00e4n\u00e4 Monitoimitalo 13:ssa la 7.11.2020 klo 11\u201315. Tapahtumassa sukelletaan Taikakoulun maailmaan, jossa voit osallistua muun muassa Velhokoulun oppitunnille, opetella taikurin johdolla taikatemppuja, tutustua loitsuihin, taikaolentoihin ja lumotun maan kartastoon. Taianomaisia ty\u00f6pajoja ohjaavat tietokirjailija Laura Ertimo ja kuvittaja Satu Kontinen, taikuri Timo Tiikkainen, tiedekeskus Tiedeka, K\u00e4sity\u00f6- ja muotoilukoulu N\u00e4ps\u00e4, Monitoimitalo 13 sek\u00e4 Sanataideyhdistys Y\u00f6st\u00e4j\u00e4.<\/p>\n\n\n\n<p id=\"block-9a508c88-de64-4a9c-8ab5-a7d22e341865\">Kaikkiin ty\u00f6pajoihin on ennakkoilmoittautuminen, joka aukeaa lokakuun lopussa netiss\u00e4. Voit ilmoittautua yhteen tai useampaan ty\u00f6pajaan. Ty\u00f6pajat rajataan pienelle osallistujam\u00e4\u00e4r\u00e4lle, ja niiss\u00e4 noudatetaan voimassa olevia koronarajoituksia.<\/p>\n\n\n\n<p><a href=\"https:\/\/kirjalitta.fi\/taikakoulun-tyopajapaiva-7-11\/\">Taikakoulun ty\u00f6pajanp\u00e4iv\u00e4n esittely ja ilmoittautumisohjeet. <\/a><\/p>\n","protected":false},"excerpt":{"rendered":"<p>KIRJALITTA-VIIKON OHJELMA2.-8.11.2020 Nuoret kirjoittavat kaupunkia -n\u00e4yttely 2.11.-8.11.2020 Sanataideyhdistys Y\u00f6st\u00e4j\u00e4 on koonnut 9\u201318-vuotiaiden sanataideoppilaiden teksteist\u00e4 n\u00e4yttelyn, jonka teemana on t\u00e4n\u00e4 vuonna \u201dTaikavoimaa tarinoista!\u201d. Nuoret kirjoittavat kaupunkia -n\u00e4yttely nostaa vuosittain esiin lasten ja nuorten tekijyytt\u00e4 ja sanataideharrastusta sek\u00e4 el\u00e4v\u00f6itt\u00e4\u00e4 kaupunkitilaa. N\u00e4yttelyn tekstej\u00e4 l\u00f6yd\u00e4t t\u00e4n\u00e4 vuonna Patosillalta, Pikku Kakkosen puistosta, Sorsapuistosta, Kaupin urheilupuiston [&hellip;]<\/p>\n","protected":false},"author":1,"featured_media":0,"parent":0,"menu_order":0,"comment_status":"closed","ping_status":"closed","template":"","meta":{"_themeisle_gutenberg_block_has_review":false,"footnotes":""},"class_list":["post-1837","page","type-page","status-publish","hentry"],"_links":{"self":[{"href":"https:\/\/kirjalitta.fi\/kirjalitta\/wp-json\/wp\/v2\/pages\/1837","targetHints":{"allow":["GET"]}}],"collection":[{"href":"https:\/\/kirjalitta.fi\/kirjalitta\/wp-json\/wp\/v2\/pages"}],"about":[{"href":"https:\/\/kirjalitta.fi\/kirjalitta\/wp-json\/wp\/v2\/types\/page"}],"author":[{"embeddable":true,"href":"https:\/\/kirjalitta.fi\/kirjalitta\/wp-json\/wp\/v2\/users\/1"}],"replies":[{"embeddable":true,"href":"https:\/\/kirjalitta.fi\/kirjalitta\/wp-json\/wp\/v2\/comments?post=1837"}],"version-history":[{"count":17,"href":"https:\/\/kirjalitta.fi\/kirjalitta\/wp-json\/wp\/v2\/pages\/1837\/revisions"}],"predecessor-version":[{"id":1880,"href":"https:\/\/kirjalitta.fi\/kirjalitta\/wp-json\/wp\/v2\/pages\/1837\/revisions\/1880"}],"wp:attachment":[{"href":"https:\/\/kirjalitta.fi\/kirjalitta\/wp-json\/wp\/v2\/media?parent=1837"}],"curies":[{"name":"wp","href":"https:\/\/api.w.org\/{rel}","templated":true}]}}