{"id":1157,"date":"2018-11-12T13:51:26","date_gmt":"2018-11-12T11:51:26","guid":{"rendered":"http:\/\/kirjalitta.fi\/?page_id=1157"},"modified":"2019-10-04T15:56:23","modified_gmt":"2019-10-04T12:56:23","slug":"kiertue","status":"publish","type":"page","link":"https:\/\/kirjalitta.fi\/kirjalitta\/kiertue\/","title":{"rendered":"Kirjalitta kiertueella"},"content":{"rendered":"<h3><img loading=\"lazy\" decoding=\"async\" src=\"https:\/\/kirjalitta.fi\/kirjalitta\/wp-content\/uploads\/2018\/10\/kiertuelogo1-1024x927.jpg\" alt=\"\" class=\"alignnone wp-image-1381 size-large\" width=\"750\" height=\"679\" srcset=\"https:\/\/kirjalitta.fi\/kirjalitta\/wp-content\/uploads\/2018\/10\/kiertuelogo1-1024x927.jpg 1024w, https:\/\/kirjalitta.fi\/kirjalitta\/wp-content\/uploads\/2018\/10\/kiertuelogo1-300x272.jpg 300w, https:\/\/kirjalitta.fi\/kirjalitta\/wp-content\/uploads\/2018\/10\/kiertuelogo1-768x695.jpg 768w, https:\/\/kirjalitta.fi\/kirjalitta\/wp-content\/uploads\/2018\/10\/kiertuelogo1.jpg 1300w\" sizes=\"auto, (max-width: 750px) 100vw, 750px\" \/><\/h3>\n<p>Kirjalitta laajeni vuonna 2018 my\u00f6s muihin Pirkanmaan kuntiin. Syksyn 2018 ja kev\u00e4\u00e4n 2019 aikana Kirjalitta -tapahtumap\u00e4iv\u00e4t j\u00e4rjestettiin yhteens\u00e4 seitsem\u00e4ss\u00e4 Pirkanmaan kunnassa Suomen kulttuurirahaston Pirkanmaan rahaston k\u00e4rkihankkeena.<\/p>\n<p>Kirjalitta tuo lastenkirjallisuuden ja sanataiteen suuren yleis\u00f6n luo, sinne, miss\u00e4 he ovat, eli kouluihin, p\u00e4iv\u00e4koteihin, kirjastoihin, kauppakeskuksiin, katukuvaan ja sosiaaliseen mediaan. Kirjalitta kiertueella -hankkeen my\u00f6t\u00e4 p\u00e4\u00e4simme tarjoamaan t\u00e4m\u00e4n mahdollisuuden my\u00f6s muille kuin tamperelaisille. Kirjalitta -tapahtumat kunnissa sis\u00e4lsiv\u00e4t tuttuun tapaan kirjailija- ja asiantuntijavierailuja, sanataidepajoja, lasten tekstej\u00e4, n\u00e4yttelyit\u00e4 ja paljon osallistavaa ohjelmaa lapsille, nuorille ja perheille.<\/p>\n<p>Kiertueen kirjallisuusvalinnoissa panostimme kotimaisen ja erityisesti pirkanmaalaisen lasten- ja nuortenkirjallisuuden n\u00e4kyvyyden lis\u00e4\u00e4miseen. Hankkeen yhteisty\u00f6kumppanina toimi Pirkkalaiskirjailijat ry, ja p\u00e4\u00e4osa Kirjalitan kiertueella vierailleista kirjailijoista olivat\u00a0 Pirkkalaiskirjailijoiden j\u00e4seni\u00e4.<\/p>\n<p>Tapahtumap\u00e4ivien lis\u00e4ksi toteutimme kunnissa kiert\u00e4v\u00e4n Sanojen saaret -n\u00e4yttelyn. Sanojen saaret on sanataiteen keinoin toteutettu mielikuvitusn\u00e4yttely, joka toimii vuorovaikutteisena oppimis- ja kokemusymp\u00e4rist\u00f6n\u00e4. Se vaikuttaa k\u00e4vij\u00f6iden kaikkiin aisteihin ja inspiroi heit\u00e4 luomaan, kirjoittamaan ja kertomaan. N\u00e4yttely pystytettiin paikalliseen kouluun tai kirjastoon, ja se oli esill\u00e4 jokaisessa osallistuvassa kunnassa useamman viikon ajan.<\/p>\n<p>Kirjalitta kiertueella oli Suomen kulttuurirahaston Pirkanmaan rahaston rahoittama k\u00e4rkihanke.<\/p>\n<p><strong>Kiertueen aikataulu ja ohjelma:<\/strong><\/p>\n<p>Tampere, p\u00e4\u00e4tapahtuma 10.11.2018 &#8211; <a href=\"https:\/\/kirjalitta.fi\/kirjalitta\/kirjalitta-2018\/paatapahtuma-10-11\/\">ohjelma<\/a><\/p>\n<p>Pirkkala 8.12.2018 &#8211; <a href=\"https:\/\/kirjalitta.fi\/kirjalitta\/kirjalitta-pirkkalassa\/\">ohjelma<\/a><\/p>\n<p>Valkeakoski, 26.1.2019 &#8211; <a href=\"https:\/\/kirjalitta.fi\/kirjalitta\/kirjalitta-valkeakoskella\/\">ohjelma<\/a><\/p>\n<p>Ruovesi 16.2.2019 &#8211;<a href=\"https:\/\/kirjalitta.fi\/kirjalitta\/kirjalitta-ruovedella\/\">ohjelma<\/a><\/p>\n<p>Yl\u00f6j\u00e4rvi 9.3.2019 &#8211; <a href=\"https:\/\/kirjalitta.fi\/kirjalitta\/kirjalittaylojarvella\/\">ohjelma<\/a><\/p>\n<p>P\u00e4lk\u00e4ne 6.4.2019 &#8211; <a href=\"https:\/\/kirjalitta.fi\/kirjalitta\/kirjalittapalkaneella\/\">ohjelma<\/a><\/p>\n<p>Virrat 11.5. 2019 &#8211; <a href=\"https:\/\/kirjalitta.fi\/kirjalitta\/kirjalitta-virroilla\/\">ohjelma<\/a><strong><br \/>\n<\/strong><\/p>\n<p>&nbsp;<\/p>\n<p>Lataa tiedote <a href=\"https:\/\/kirjalitta.fi\/kirjalitta\/wp-content\/uploads\/2018\/10\/Kirjalitta-kiertueella-tiedote.pdf\">PDF-tiedostona<\/a><\/p>\n","protected":false},"excerpt":{"rendered":"<p>Kirjalitta laajeni vuonna 2018 my\u00f6s muihin Pirkanmaan kuntiin. Syksyn 2018 ja kev\u00e4\u00e4n 2019 aikana Kirjalitta -tapahtumap\u00e4iv\u00e4t j\u00e4rjestettiin yhteens\u00e4 seitsem\u00e4ss\u00e4 Pirkanmaan kunnassa Suomen kulttuurirahaston Pirkanmaan rahaston k\u00e4rkihankkeena. Kirjalitta tuo lastenkirjallisuuden ja sanataiteen suuren yleis\u00f6n luo, sinne, miss\u00e4 he ovat, eli kouluihin, p\u00e4iv\u00e4koteihin, kirjastoihin, kauppakeskuksiin, katukuvaan ja sosiaaliseen mediaan. Kirjalitta kiertueella -hankkeen [&hellip;]<\/p>\n","protected":false},"author":1,"featured_media":0,"parent":0,"menu_order":0,"comment_status":"closed","ping_status":"closed","template":"","meta":{"_themeisle_gutenberg_block_has_review":false,"footnotes":""},"class_list":["post-1157","page","type-page","status-publish","hentry"],"_links":{"self":[{"href":"https:\/\/kirjalitta.fi\/kirjalitta\/wp-json\/wp\/v2\/pages\/1157","targetHints":{"allow":["GET"]}}],"collection":[{"href":"https:\/\/kirjalitta.fi\/kirjalitta\/wp-json\/wp\/v2\/pages"}],"about":[{"href":"https:\/\/kirjalitta.fi\/kirjalitta\/wp-json\/wp\/v2\/types\/page"}],"author":[{"embeddable":true,"href":"https:\/\/kirjalitta.fi\/kirjalitta\/wp-json\/wp\/v2\/users\/1"}],"replies":[{"embeddable":true,"href":"https:\/\/kirjalitta.fi\/kirjalitta\/wp-json\/wp\/v2\/comments?post=1157"}],"version-history":[{"count":17,"href":"https:\/\/kirjalitta.fi\/kirjalitta\/wp-json\/wp\/v2\/pages\/1157\/revisions"}],"predecessor-version":[{"id":1655,"href":"https:\/\/kirjalitta.fi\/kirjalitta\/wp-json\/wp\/v2\/pages\/1157\/revisions\/1655"}],"wp:attachment":[{"href":"https:\/\/kirjalitta.fi\/kirjalitta\/wp-json\/wp\/v2\/media?parent=1157"}],"curies":[{"name":"wp","href":"https:\/\/api.w.org\/{rel}","templated":true}]}}